{"id":423,"date":"2024-02-24T13:23:22","date_gmt":"2024-02-24T12:23:22","guid":{"rendered":"https:\/\/theartcafelagny.com\/?post_type=tribe_events&#038;p=423"},"modified":"2026-02-27T19:47:06","modified_gmt":"2026-02-27T18:47:06","slug":"alexandre-vieira","status":"publish","type":"tribe_events","link":"https:\/\/theartcafelagny.com\/?tribe_events=alexandre-vieira","title":{"rendered":"Alexandre Vieira"},"content":{"rendered":"<p>Alexandre Vieira est un musicien et auteur-compositeur s\u2019accompagnant au piano et \u00e0 la guitare. Ses reprises empruntent au r\u00e9pertoire pop-rock des ann\u00e9es 1970 \u00e0 aujourd\u2019hui, d\u2019Elton John \u00e0 Radiohead et Coldplay, en passant par Phil Collins, Randy Newman, Jeff Buckley, et bien d\u2019autres ! Inspir\u00e9 par ces artistes mais \u00e9galement par les musiques de films, il propose des compositions douces, m\u00e9lodiques, dans une atmosph\u00e8re se voulant intimiste.<\/p>\n<p>&nbsp;<\/p>\n<p>&nbsp;<\/p>\n<p><iframe title=\"Sting - It&#039;s probably me (&quot;Lilac Bedroom&quot; Covers - 2021)\" width=\"800\" height=\"450\" src=\"https:\/\/www.youtube.com\/embed\/Vhzb1FGXMXA?feature=oembed\" frameborder=\"0\" allow=\"accelerometer; autoplay; clipboard-write; encrypted-media; gyroscope; picture-in-picture; web-share\" referrerpolicy=\"strict-origin-when-cross-origin\" allowfullscreen><\/iframe><\/p>\n","protected":false},"excerpt":{"rendered":"<p>Alexandre Vieira est un musicien et auteur-compositeur s\u2019accompagnant au piano et \u00e0 la guitare. Ses reprises empruntent au r\u00e9pertoire pop-rock des ann\u00e9es 1970 \u00e0 aujourd\u2019hui, d\u2019Elton John \u00e0 Radiohead et [&hellip;]<\/p>\n","protected":false},"author":4,"featured_media":429,"template":"","meta":{"_tribe_events_status":"","_tribe_events_status_reason":"","footnotes":""},"tags":[],"tribe_events_cat":[],"class_list":["post-423","tribe_events","type-tribe_events","status-publish","has-post-thumbnail","hentry"],"yoast_head":"<!-- This site is optimized with the Yoast SEO plugin v27.1.1 - https:\/\/yoast.com\/product\/yoast-seo-wordpress\/ -->\n<title>Alexandre Vieira - THE ART CAF\u00c9 LAGNY<\/title>\n<meta name=\"robots\" content=\"index, follow, max-snippet:-1, max-image-preview:large, max-video-preview:-1\" \/>\n<link rel=\"canonical\" href=\"https:\/\/theartcafelagny.com\/?tribe_events=alexandre-vieira\" \/>\n<meta property=\"og:locale\" content=\"fr_FR\" \/>\n<meta property=\"og:type\" content=\"article\" \/>\n<meta property=\"og:title\" content=\"Alexandre Vieira - THE ART CAF\u00c9 LAGNY\" \/>\n<meta property=\"og:description\" content=\"Alexandre Vieira est un musicien et auteur-compositeur s\u2019accompagnant au piano et \u00e0 la guitare. Ses reprises empruntent au r\u00e9pertoire pop-rock des ann\u00e9es 1970 \u00e0 aujourd\u2019hui, d\u2019Elton John \u00e0 Radiohead et [&hellip;]\" \/>\n<meta property=\"og:url\" content=\"https:\/\/theartcafelagny.com\/?tribe_events=alexandre-vieira\" \/>\n<meta property=\"og:site_name\" content=\"THE ART CAF\u00c9 LAGNY\" \/>\n<meta property=\"article:publisher\" content=\"https:\/\/www.facebook.com\/THEARTCAFE.LAGNY\/?locale=fr_FR\" \/>\n<meta property=\"article:modified_time\" content=\"2026-02-27T18:47:06+00:00\" \/>\n<meta property=\"og:image\" content=\"https:\/\/theartcafelagny.com\/wp-content\/uploads\/2024\/02\/DSC03802.jpg\" \/>\n\t<meta property=\"og:image:width\" content=\"800\" \/>\n\t<meta property=\"og:image:height\" content=\"1200\" \/>\n\t<meta property=\"og:image:type\" content=\"image\/jpeg\" \/>\n<meta name=\"twitter:card\" content=\"summary_large_image\" \/>\n<meta name=\"twitter:label1\" content=\"Dur\u00e9e de lecture estim\u00e9e\" \/>\n\t<meta name=\"twitter:data1\" content=\"1 minute\" \/>\n<script type=\"application\/ld+json\" class=\"yoast-schema-graph\">{\"@context\":\"https:\/\/schema.org\",\"@graph\":[{\"@type\":\"WebPage\",\"@id\":\"https:\/\/theartcafelagny.com\/?tribe_events=alexandre-vieira\",\"url\":\"https:\/\/theartcafelagny.com\/?tribe_events=alexandre-vieira\",\"name\":\"Alexandre Vieira - THE ART CAF\u00c9 LAGNY\",\"isPartOf\":{\"@id\":\"https:\/\/theartcafelagny.com\/#website\"},\"primaryImageOfPage\":{\"@id\":\"https:\/\/theartcafelagny.com\/?tribe_events=alexandre-vieira#primaryimage\"},\"image\":{\"@id\":\"https:\/\/theartcafelagny.com\/?tribe_events=alexandre-vieira#primaryimage\"},\"thumbnailUrl\":\"https:\/\/theartcafelagny.com\/wp-content\/uploads\/2024\/02\/DSC03802.jpg\",\"datePublished\":\"2024-02-24T12:23:22+00:00\",\"dateModified\":\"2026-02-27T18:47:06+00:00\",\"breadcrumb\":{\"@id\":\"https:\/\/theartcafelagny.com\/?tribe_events=alexandre-vieira#breadcrumb\"},\"inLanguage\":\"fr-FR\",\"potentialAction\":[{\"@type\":\"ReadAction\",\"target\":[\"https:\/\/theartcafelagny.com\/?tribe_events=alexandre-vieira\"]}]},{\"@type\":\"ImageObject\",\"inLanguage\":\"fr-FR\",\"@id\":\"https:\/\/theartcafelagny.com\/?tribe_events=alexandre-vieira#primaryimage\",\"url\":\"https:\/\/theartcafelagny.com\/wp-content\/uploads\/2024\/02\/DSC03802.jpg\",\"contentUrl\":\"https:\/\/theartcafelagny.com\/wp-content\/uploads\/2024\/02\/DSC03802.jpg\",\"width\":800,\"height\":1200},{\"@type\":\"BreadcrumbList\",\"@id\":\"https:\/\/theartcafelagny.com\/?tribe_events=alexandre-vieira#breadcrumb\",\"itemListElement\":[{\"@type\":\"ListItem\",\"position\":1,\"name\":\"Accueil\",\"item\":\"https:\/\/theartcafelagny.com\/\"},{\"@type\":\"ListItem\",\"position\":2,\"name\":\"\u00c9v\u00e8nements\",\"item\":\"https:\/\/theartcafelagny.com\/?post_type=tribe_events\"},{\"@type\":\"ListItem\",\"position\":3,\"name\":\"Alexandre Vieira\"}]},{\"@type\":\"WebSite\",\"@id\":\"https:\/\/theartcafelagny.com\/#website\",\"url\":\"https:\/\/theartcafelagny.com\/\",\"name\":\"THE ART CAF\u00c9 LAGNY\",\"description\":\"\",\"publisher\":{\"@id\":\"https:\/\/theartcafelagny.com\/#organization\"},\"potentialAction\":[{\"@type\":\"SearchAction\",\"target\":{\"@type\":\"EntryPoint\",\"urlTemplate\":\"https:\/\/theartcafelagny.com\/?s={search_term_string}\"},\"query-input\":{\"@type\":\"PropertyValueSpecification\",\"valueRequired\":true,\"valueName\":\"search_term_string\"}}],\"inLanguage\":\"fr-FR\"},{\"@type\":\"Organization\",\"@id\":\"https:\/\/theartcafelagny.com\/#organization\",\"name\":\"THE ART CAF\u00c9 LAGNY\",\"url\":\"https:\/\/theartcafelagny.com\/\",\"logo\":{\"@type\":\"ImageObject\",\"inLanguage\":\"fr-FR\",\"@id\":\"https:\/\/theartcafelagny.com\/#\/schema\/logo\/image\/\",\"url\":\"https:\/\/theartcafelagny.com\/wp-content\/uploads\/2023\/07\/Logo-The-art-cafe.png\",\"contentUrl\":\"https:\/\/theartcafelagny.com\/wp-content\/uploads\/2023\/07\/Logo-The-art-cafe.png\",\"width\":1536,\"height\":510,\"caption\":\"THE ART CAF\u00c9 LAGNY\"},\"image\":{\"@id\":\"https:\/\/theartcafelagny.com\/#\/schema\/logo\/image\/\"},\"sameAs\":[\"https:\/\/www.facebook.com\/THEARTCAFE.LAGNY\/?locale=fr_FR\",\"https:\/\/www.instagram.com\/theartcafelagny\/?hl=fr\"]}]}<\/script>\n<!-- \/ Yoast SEO plugin. -->","yoast_head_json":{"title":"Alexandre Vieira - THE ART CAF\u00c9 LAGNY","robots":{"index":"index","follow":"follow","max-snippet":"max-snippet:-1","max-image-preview":"max-image-preview:large","max-video-preview":"max-video-preview:-1"},"canonical":"https:\/\/theartcafelagny.com\/?tribe_events=alexandre-vieira","og_locale":"fr_FR","og_type":"article","og_title":"Alexandre Vieira - THE ART CAF\u00c9 LAGNY","og_description":"Alexandre Vieira est un musicien et auteur-compositeur s\u2019accompagnant au piano et \u00e0 la guitare. Ses reprises empruntent au r\u00e9pertoire pop-rock des ann\u00e9es 1970 \u00e0 aujourd\u2019hui, d\u2019Elton John \u00e0 Radiohead et [&hellip;]","og_url":"https:\/\/theartcafelagny.com\/?tribe_events=alexandre-vieira","og_site_name":"THE ART CAF\u00c9 LAGNY","article_publisher":"https:\/\/www.facebook.com\/THEARTCAFE.LAGNY\/?locale=fr_FR","article_modified_time":"2026-02-27T18:47:06+00:00","og_image":[{"width":800,"height":1200,"url":"https:\/\/theartcafelagny.com\/wp-content\/uploads\/2024\/02\/DSC03802.jpg","type":"image\/jpeg"}],"twitter_card":"summary_large_image","twitter_misc":{"Dur\u00e9e de lecture estim\u00e9e":"1 minute"},"schema":{"@context":"https:\/\/schema.org","@graph":[{"@type":"WebPage","@id":"https:\/\/theartcafelagny.com\/?tribe_events=alexandre-vieira","url":"https:\/\/theartcafelagny.com\/?tribe_events=alexandre-vieira","name":"Alexandre Vieira - THE ART CAF\u00c9 LAGNY","isPartOf":{"@id":"https:\/\/theartcafelagny.com\/#website"},"primaryImageOfPage":{"@id":"https:\/\/theartcafelagny.com\/?tribe_events=alexandre-vieira#primaryimage"},"image":{"@id":"https:\/\/theartcafelagny.com\/?tribe_events=alexandre-vieira#primaryimage"},"thumbnailUrl":"https:\/\/theartcafelagny.com\/wp-content\/uploads\/2024\/02\/DSC03802.jpg","datePublished":"2024-02-24T12:23:22+00:00","dateModified":"2026-02-27T18:47:06+00:00","breadcrumb":{"@id":"https:\/\/theartcafelagny.com\/?tribe_events=alexandre-vieira#breadcrumb"},"inLanguage":"fr-FR","potentialAction":[{"@type":"ReadAction","target":["https:\/\/theartcafelagny.com\/?tribe_events=alexandre-vieira"]}]},{"@type":"ImageObject","inLanguage":"fr-FR","@id":"https:\/\/theartcafelagny.com\/?tribe_events=alexandre-vieira#primaryimage","url":"https:\/\/theartcafelagny.com\/wp-content\/uploads\/2024\/02\/DSC03802.jpg","contentUrl":"https:\/\/theartcafelagny.com\/wp-content\/uploads\/2024\/02\/DSC03802.jpg","width":800,"height":1200},{"@type":"BreadcrumbList","@id":"https:\/\/theartcafelagny.com\/?tribe_events=alexandre-vieira#breadcrumb","itemListElement":[{"@type":"ListItem","position":1,"name":"Accueil","item":"https:\/\/theartcafelagny.com\/"},{"@type":"ListItem","position":2,"name":"\u00c9v\u00e8nements","item":"https:\/\/theartcafelagny.com\/?post_type=tribe_events"},{"@type":"ListItem","position":3,"name":"Alexandre Vieira"}]},{"@type":"WebSite","@id":"https:\/\/theartcafelagny.com\/#website","url":"https:\/\/theartcafelagny.com\/","name":"THE ART CAF\u00c9 LAGNY","description":"","publisher":{"@id":"https:\/\/theartcafelagny.com\/#organization"},"potentialAction":[{"@type":"SearchAction","target":{"@type":"EntryPoint","urlTemplate":"https:\/\/theartcafelagny.com\/?s={search_term_string}"},"query-input":{"@type":"PropertyValueSpecification","valueRequired":true,"valueName":"search_term_string"}}],"inLanguage":"fr-FR"},{"@type":"Organization","@id":"https:\/\/theartcafelagny.com\/#organization","name":"THE ART CAF\u00c9 LAGNY","url":"https:\/\/theartcafelagny.com\/","logo":{"@type":"ImageObject","inLanguage":"fr-FR","@id":"https:\/\/theartcafelagny.com\/#\/schema\/logo\/image\/","url":"https:\/\/theartcafelagny.com\/wp-content\/uploads\/2023\/07\/Logo-The-art-cafe.png","contentUrl":"https:\/\/theartcafelagny.com\/wp-content\/uploads\/2023\/07\/Logo-The-art-cafe.png","width":1536,"height":510,"caption":"THE ART CAF\u00c9 LAGNY"},"image":{"@id":"https:\/\/theartcafelagny.com\/#\/schema\/logo\/image\/"},"sameAs":["https:\/\/www.facebook.com\/THEARTCAFE.LAGNY\/?locale=fr_FR","https:\/\/www.instagram.com\/theartcafelagny\/?hl=fr"]}]}},"_links":{"self":[{"href":"https:\/\/theartcafelagny.com\/index.php?rest_route=\/wp\/v2\/tribe_events\/423","targetHints":{"allow":["GET"]}}],"collection":[{"href":"https:\/\/theartcafelagny.com\/index.php?rest_route=\/wp\/v2\/tribe_events"}],"about":[{"href":"https:\/\/theartcafelagny.com\/index.php?rest_route=\/wp\/v2\/types\/tribe_events"}],"author":[{"embeddable":true,"href":"https:\/\/theartcafelagny.com\/index.php?rest_route=\/wp\/v2\/users\/4"}],"version-history":[{"count":2,"href":"https:\/\/theartcafelagny.com\/index.php?rest_route=\/wp\/v2\/tribe_events\/423\/revisions"}],"predecessor-version":[{"id":762,"href":"https:\/\/theartcafelagny.com\/index.php?rest_route=\/wp\/v2\/tribe_events\/423\/revisions\/762"}],"wp:featuredmedia":[{"embeddable":true,"href":"https:\/\/theartcafelagny.com\/index.php?rest_route=\/wp\/v2\/media\/429"}],"wp:attachment":[{"href":"https:\/\/theartcafelagny.com\/index.php?rest_route=%2Fwp%2Fv2%2Fmedia&parent=423"}],"wp:term":[{"taxonomy":"post_tag","embeddable":true,"href":"https:\/\/theartcafelagny.com\/index.php?rest_route=%2Fwp%2Fv2%2Ftags&post=423"},{"taxonomy":"tribe_events_cat","embeddable":true,"href":"https:\/\/theartcafelagny.com\/index.php?rest_route=%2Fwp%2Fv2%2Ftribe_events_cat&post=423"}],"curies":[{"name":"wp","href":"https:\/\/api.w.org\/{rel}","templated":true}]}}