{"id":455,"date":"2024-04-24T21:49:38","date_gmt":"2024-04-24T19:49:38","guid":{"rendered":"https:\/\/theartcafelagny.com\/?post_type=tribe_events&#038;p=455"},"modified":"2025-05-29T10:13:36","modified_gmt":"2025-05-29T08:13:36","slug":"candela-5tet-venezuela-colombie","status":"publish","type":"tribe_events","link":"https:\/\/theartcafelagny.com\/?tribe_events=candela-5tet-venezuela-colombie","title":{"rendered":"Candela 5tet &#8211; V\u00e9n\u00e9zuela Colombie"},"content":{"rendered":"<div class=\"x11i5rnm xat24cr x1mh8g0r x1vvkbs xtlvy1s\">\u00ab\u00a0Une des plus grandes joies du groupe est de partager avec les danseurs et le public la magie, les couleurs et la sensualit\u00e9 de ces rythmes tropicaux.\u00a0\u00bb<\/div>\n<div class=\"x11i5rnm xat24cr x1mh8g0r x1vvkbs xtlvy1s\">&#8212;&#8212;&#8212;&#8212;&#8212;&#8212;&#8212;&#8212;&#8212;&#8212;&#8212;&#8212;&#8212;-<\/div>\n<div class=\"x11i5rnm xat24cr x1mh8g0r x1vvkbs xtlvy1s\">Candela 5tet , camino a Chango\u2026 est le fruit de la rencontre de musiciens v\u00e9n\u00e9zu\u00e9liens et colombiens. Ce m\u00e9lange des deux cultures a donn\u00e9 naissance \u00e0 un v\u00e9ritable cocktail de musique \u00e0 danser, du bol\u00e9ro au merengue en passant par le son cubain et la salsa\u2026 Reconnu \u00e0 travers de nombreuses sc\u00e8nes de la r\u00e9gion parisienne pour son originalit\u00e9, le groupe se produit pour des festivals en France et \u00e0 l\u2019\u00e9tranger.<\/div>\n","protected":false},"excerpt":{"rendered":"<p>\u00ab\u00a0Une des plus grandes joies du groupe est de partager avec les danseurs et le public la magie, les couleurs et la sensualit\u00e9 de ces rythmes tropicaux.\u00a0\u00bb &#8212;&#8212;&#8212;&#8212;&#8212;&#8212;&#8212;&#8212;&#8212;&#8212;&#8212;&#8212;&#8212;- Candela 5tet [&hellip;]<\/p>\n","protected":false},"author":4,"featured_media":456,"template":"","meta":{"_tribe_events_status":"","_tribe_events_status_reason":"","footnotes":""},"tags":[],"tribe_events_cat":[],"class_list":["post-455","tribe_events","type-tribe_events","status-publish","has-post-thumbnail","hentry"],"yoast_head":"<!-- This site is optimized with the Yoast SEO plugin v27.1.1 - https:\/\/yoast.com\/product\/yoast-seo-wordpress\/ -->\n<title>Candela 5tet - V\u00e9n\u00e9zuela Colombie - THE ART CAF\u00c9 LAGNY<\/title>\n<meta name=\"robots\" content=\"index, follow, max-snippet:-1, max-image-preview:large, max-video-preview:-1\" \/>\n<link rel=\"canonical\" href=\"https:\/\/theartcafelagny.com\/?tribe_events=candela-5tet-venezuela-colombie\" \/>\n<meta property=\"og:locale\" content=\"fr_FR\" \/>\n<meta property=\"og:type\" content=\"article\" \/>\n<meta property=\"og:title\" content=\"Candela 5tet - V\u00e9n\u00e9zuela Colombie - THE ART CAF\u00c9 LAGNY\" \/>\n<meta property=\"og:description\" content=\"\u00ab\u00a0Une des plus grandes joies du groupe est de partager avec les danseurs et le public la magie, les couleurs et la sensualit\u00e9 de ces rythmes tropicaux.\u00a0\u00bb &#8212;&#8212;&#8212;&#8212;&#8212;&#8212;&#8212;&#8212;&#8212;&#8212;&#8212;&#8212;&#8212;- Candela 5tet [&hellip;]\" \/>\n<meta property=\"og:url\" content=\"https:\/\/theartcafelagny.com\/?tribe_events=candela-5tet-venezuela-colombie\" \/>\n<meta property=\"og:site_name\" content=\"THE ART CAF\u00c9 LAGNY\" \/>\n<meta property=\"article:publisher\" content=\"https:\/\/www.facebook.com\/THEARTCAFE.LAGNY\/?locale=fr_FR\" \/>\n<meta property=\"article:modified_time\" content=\"2025-05-29T08:13:36+00:00\" \/>\n<meta property=\"og:image\" content=\"https:\/\/theartcafelagny.com\/wp-content\/uploads\/2024\/04\/fabricio.jpg\" \/>\n\t<meta property=\"og:image:width\" content=\"800\" \/>\n\t<meta property=\"og:image:height\" content=\"1200\" \/>\n\t<meta property=\"og:image:type\" content=\"image\/jpeg\" \/>\n<meta name=\"twitter:card\" content=\"summary_large_image\" \/>\n<meta name=\"twitter:label1\" content=\"Dur\u00e9e de lecture estim\u00e9e\" \/>\n\t<meta name=\"twitter:data1\" content=\"1 minute\" \/>\n<script type=\"application\/ld+json\" class=\"yoast-schema-graph\">{\"@context\":\"https:\/\/schema.org\",\"@graph\":[{\"@type\":\"WebPage\",\"@id\":\"https:\/\/theartcafelagny.com\/?tribe_events=candela-5tet-venezuela-colombie\",\"url\":\"https:\/\/theartcafelagny.com\/?tribe_events=candela-5tet-venezuela-colombie\",\"name\":\"Candela 5tet - V\u00e9n\u00e9zuela Colombie - THE ART CAF\u00c9 LAGNY\",\"isPartOf\":{\"@id\":\"https:\/\/theartcafelagny.com\/#website\"},\"primaryImageOfPage\":{\"@id\":\"https:\/\/theartcafelagny.com\/?tribe_events=candela-5tet-venezuela-colombie#primaryimage\"},\"image\":{\"@id\":\"https:\/\/theartcafelagny.com\/?tribe_events=candela-5tet-venezuela-colombie#primaryimage\"},\"thumbnailUrl\":\"https:\/\/theartcafelagny.com\/wp-content\/uploads\/2024\/04\/fabricio.jpg\",\"datePublished\":\"2024-04-24T19:49:38+00:00\",\"dateModified\":\"2025-05-29T08:13:36+00:00\",\"breadcrumb\":{\"@id\":\"https:\/\/theartcafelagny.com\/?tribe_events=candela-5tet-venezuela-colombie#breadcrumb\"},\"inLanguage\":\"fr-FR\",\"potentialAction\":[{\"@type\":\"ReadAction\",\"target\":[\"https:\/\/theartcafelagny.com\/?tribe_events=candela-5tet-venezuela-colombie\"]}]},{\"@type\":\"ImageObject\",\"inLanguage\":\"fr-FR\",\"@id\":\"https:\/\/theartcafelagny.com\/?tribe_events=candela-5tet-venezuela-colombie#primaryimage\",\"url\":\"https:\/\/theartcafelagny.com\/wp-content\/uploads\/2024\/04\/fabricio.jpg\",\"contentUrl\":\"https:\/\/theartcafelagny.com\/wp-content\/uploads\/2024\/04\/fabricio.jpg\",\"width\":800,\"height\":1200},{\"@type\":\"BreadcrumbList\",\"@id\":\"https:\/\/theartcafelagny.com\/?tribe_events=candela-5tet-venezuela-colombie#breadcrumb\",\"itemListElement\":[{\"@type\":\"ListItem\",\"position\":1,\"name\":\"Accueil\",\"item\":\"https:\/\/theartcafelagny.com\/\"},{\"@type\":\"ListItem\",\"position\":2,\"name\":\"\u00c9v\u00e8nements\",\"item\":\"https:\/\/theartcafelagny.com\/?post_type=tribe_events\"},{\"@type\":\"ListItem\",\"position\":3,\"name\":\"Candela 5tet &#8211; V\u00e9n\u00e9zuela Colombie\"}]},{\"@type\":\"WebSite\",\"@id\":\"https:\/\/theartcafelagny.com\/#website\",\"url\":\"https:\/\/theartcafelagny.com\/\",\"name\":\"THE ART CAF\u00c9 LAGNY\",\"description\":\"\",\"publisher\":{\"@id\":\"https:\/\/theartcafelagny.com\/#organization\"},\"potentialAction\":[{\"@type\":\"SearchAction\",\"target\":{\"@type\":\"EntryPoint\",\"urlTemplate\":\"https:\/\/theartcafelagny.com\/?s={search_term_string}\"},\"query-input\":{\"@type\":\"PropertyValueSpecification\",\"valueRequired\":true,\"valueName\":\"search_term_string\"}}],\"inLanguage\":\"fr-FR\"},{\"@type\":\"Organization\",\"@id\":\"https:\/\/theartcafelagny.com\/#organization\",\"name\":\"THE ART CAF\u00c9 LAGNY\",\"url\":\"https:\/\/theartcafelagny.com\/\",\"logo\":{\"@type\":\"ImageObject\",\"inLanguage\":\"fr-FR\",\"@id\":\"https:\/\/theartcafelagny.com\/#\/schema\/logo\/image\/\",\"url\":\"https:\/\/theartcafelagny.com\/wp-content\/uploads\/2023\/07\/Logo-The-art-cafe.png\",\"contentUrl\":\"https:\/\/theartcafelagny.com\/wp-content\/uploads\/2023\/07\/Logo-The-art-cafe.png\",\"width\":1536,\"height\":510,\"caption\":\"THE ART CAF\u00c9 LAGNY\"},\"image\":{\"@id\":\"https:\/\/theartcafelagny.com\/#\/schema\/logo\/image\/\"},\"sameAs\":[\"https:\/\/www.facebook.com\/THEARTCAFE.LAGNY\/?locale=fr_FR\",\"https:\/\/www.instagram.com\/theartcafelagny\/?hl=fr\"]}]}<\/script>\n<!-- \/ Yoast SEO plugin. -->","yoast_head_json":{"title":"Candela 5tet - V\u00e9n\u00e9zuela Colombie - THE ART CAF\u00c9 LAGNY","robots":{"index":"index","follow":"follow","max-snippet":"max-snippet:-1","max-image-preview":"max-image-preview:large","max-video-preview":"max-video-preview:-1"},"canonical":"https:\/\/theartcafelagny.com\/?tribe_events=candela-5tet-venezuela-colombie","og_locale":"fr_FR","og_type":"article","og_title":"Candela 5tet - V\u00e9n\u00e9zuela Colombie - THE ART CAF\u00c9 LAGNY","og_description":"\u00ab\u00a0Une des plus grandes joies du groupe est de partager avec les danseurs et le public la magie, les couleurs et la sensualit\u00e9 de ces rythmes tropicaux.\u00a0\u00bb &#8212;&#8212;&#8212;&#8212;&#8212;&#8212;&#8212;&#8212;&#8212;&#8212;&#8212;&#8212;&#8212;- Candela 5tet [&hellip;]","og_url":"https:\/\/theartcafelagny.com\/?tribe_events=candela-5tet-venezuela-colombie","og_site_name":"THE ART CAF\u00c9 LAGNY","article_publisher":"https:\/\/www.facebook.com\/THEARTCAFE.LAGNY\/?locale=fr_FR","article_modified_time":"2025-05-29T08:13:36+00:00","og_image":[{"width":800,"height":1200,"url":"https:\/\/theartcafelagny.com\/wp-content\/uploads\/2024\/04\/fabricio.jpg","type":"image\/jpeg"}],"twitter_card":"summary_large_image","twitter_misc":{"Dur\u00e9e de lecture estim\u00e9e":"1 minute"},"schema":{"@context":"https:\/\/schema.org","@graph":[{"@type":"WebPage","@id":"https:\/\/theartcafelagny.com\/?tribe_events=candela-5tet-venezuela-colombie","url":"https:\/\/theartcafelagny.com\/?tribe_events=candela-5tet-venezuela-colombie","name":"Candela 5tet - V\u00e9n\u00e9zuela Colombie - THE ART CAF\u00c9 LAGNY","isPartOf":{"@id":"https:\/\/theartcafelagny.com\/#website"},"primaryImageOfPage":{"@id":"https:\/\/theartcafelagny.com\/?tribe_events=candela-5tet-venezuela-colombie#primaryimage"},"image":{"@id":"https:\/\/theartcafelagny.com\/?tribe_events=candela-5tet-venezuela-colombie#primaryimage"},"thumbnailUrl":"https:\/\/theartcafelagny.com\/wp-content\/uploads\/2024\/04\/fabricio.jpg","datePublished":"2024-04-24T19:49:38+00:00","dateModified":"2025-05-29T08:13:36+00:00","breadcrumb":{"@id":"https:\/\/theartcafelagny.com\/?tribe_events=candela-5tet-venezuela-colombie#breadcrumb"},"inLanguage":"fr-FR","potentialAction":[{"@type":"ReadAction","target":["https:\/\/theartcafelagny.com\/?tribe_events=candela-5tet-venezuela-colombie"]}]},{"@type":"ImageObject","inLanguage":"fr-FR","@id":"https:\/\/theartcafelagny.com\/?tribe_events=candela-5tet-venezuela-colombie#primaryimage","url":"https:\/\/theartcafelagny.com\/wp-content\/uploads\/2024\/04\/fabricio.jpg","contentUrl":"https:\/\/theartcafelagny.com\/wp-content\/uploads\/2024\/04\/fabricio.jpg","width":800,"height":1200},{"@type":"BreadcrumbList","@id":"https:\/\/theartcafelagny.com\/?tribe_events=candela-5tet-venezuela-colombie#breadcrumb","itemListElement":[{"@type":"ListItem","position":1,"name":"Accueil","item":"https:\/\/theartcafelagny.com\/"},{"@type":"ListItem","position":2,"name":"\u00c9v\u00e8nements","item":"https:\/\/theartcafelagny.com\/?post_type=tribe_events"},{"@type":"ListItem","position":3,"name":"Candela 5tet &#8211; V\u00e9n\u00e9zuela Colombie"}]},{"@type":"WebSite","@id":"https:\/\/theartcafelagny.com\/#website","url":"https:\/\/theartcafelagny.com\/","name":"THE ART CAF\u00c9 LAGNY","description":"","publisher":{"@id":"https:\/\/theartcafelagny.com\/#organization"},"potentialAction":[{"@type":"SearchAction","target":{"@type":"EntryPoint","urlTemplate":"https:\/\/theartcafelagny.com\/?s={search_term_string}"},"query-input":{"@type":"PropertyValueSpecification","valueRequired":true,"valueName":"search_term_string"}}],"inLanguage":"fr-FR"},{"@type":"Organization","@id":"https:\/\/theartcafelagny.com\/#organization","name":"THE ART CAF\u00c9 LAGNY","url":"https:\/\/theartcafelagny.com\/","logo":{"@type":"ImageObject","inLanguage":"fr-FR","@id":"https:\/\/theartcafelagny.com\/#\/schema\/logo\/image\/","url":"https:\/\/theartcafelagny.com\/wp-content\/uploads\/2023\/07\/Logo-The-art-cafe.png","contentUrl":"https:\/\/theartcafelagny.com\/wp-content\/uploads\/2023\/07\/Logo-The-art-cafe.png","width":1536,"height":510,"caption":"THE ART CAF\u00c9 LAGNY"},"image":{"@id":"https:\/\/theartcafelagny.com\/#\/schema\/logo\/image\/"},"sameAs":["https:\/\/www.facebook.com\/THEARTCAFE.LAGNY\/?locale=fr_FR","https:\/\/www.instagram.com\/theartcafelagny\/?hl=fr"]}]}},"_links":{"self":[{"href":"https:\/\/theartcafelagny.com\/index.php?rest_route=\/wp\/v2\/tribe_events\/455","targetHints":{"allow":["GET"]}}],"collection":[{"href":"https:\/\/theartcafelagny.com\/index.php?rest_route=\/wp\/v2\/tribe_events"}],"about":[{"href":"https:\/\/theartcafelagny.com\/index.php?rest_route=\/wp\/v2\/types\/tribe_events"}],"author":[{"embeddable":true,"href":"https:\/\/theartcafelagny.com\/index.php?rest_route=\/wp\/v2\/users\/4"}],"version-history":[{"count":1,"href":"https:\/\/theartcafelagny.com\/index.php?rest_route=\/wp\/v2\/tribe_events\/455\/revisions"}],"predecessor-version":[{"id":457,"href":"https:\/\/theartcafelagny.com\/index.php?rest_route=\/wp\/v2\/tribe_events\/455\/revisions\/457"}],"wp:featuredmedia":[{"embeddable":true,"href":"https:\/\/theartcafelagny.com\/index.php?rest_route=\/wp\/v2\/media\/456"}],"wp:attachment":[{"href":"https:\/\/theartcafelagny.com\/index.php?rest_route=%2Fwp%2Fv2%2Fmedia&parent=455"}],"wp:term":[{"taxonomy":"post_tag","embeddable":true,"href":"https:\/\/theartcafelagny.com\/index.php?rest_route=%2Fwp%2Fv2%2Ftags&post=455"},{"taxonomy":"tribe_events_cat","embeddable":true,"href":"https:\/\/theartcafelagny.com\/index.php?rest_route=%2Fwp%2Fv2%2Ftribe_events_cat&post=455"}],"curies":[{"name":"wp","href":"https:\/\/api.w.org\/{rel}","templated":true}]}}