{"id":539,"date":"2024-09-26T10:52:44","date_gmt":"2024-09-26T08:52:44","guid":{"rendered":"https:\/\/theartcafelagny.com\/?post_type=tribe_events&#038;p=539"},"modified":"2025-05-29T10:10:36","modified_gmt":"2025-05-29T08:10:36","slug":"tales-pop-rock-2","status":"publish","type":"tribe_events","link":"https:\/\/theartcafelagny.com\/?tribe_events=tales-pop-rock-2","title":{"rendered":"Tales &#8211; Pop Rock"},"content":{"rendered":"<p>N\u00e9e il y a 10 ans dans les couloirs du m\u00e9tro parisien, la musique de Tales respire la grande \u00e9poque de la Britpop : acoustique, intimiste, et gorg\u00e9e d&rsquo;harmonies vocales. Une invitation \u00e0 travers\u00a0un r\u00e9pertoire de reprises allant des ann\u00e9es 60 \u00e0 nos jours.<\/p>\n","protected":false},"excerpt":{"rendered":"<p>N\u00e9e il y a 10 ans dans les couloirs du m\u00e9tro parisien, la musique de Tales respire la grande \u00e9poque de la Britpop : acoustique, intimiste, et gorg\u00e9e d&rsquo;harmonies vocales. [&hellip;]<\/p>\n","protected":false},"author":4,"featured_media":399,"template":"","meta":{"_tribe_events_status":"","_tribe_events_status_reason":"","footnotes":""},"tags":[],"tribe_events_cat":[],"class_list":["post-539","tribe_events","type-tribe_events","status-publish","has-post-thumbnail","hentry"],"yoast_head":"<!-- This site is optimized with the Yoast SEO plugin v27.1.1 - https:\/\/yoast.com\/product\/yoast-seo-wordpress\/ -->\n<title>Tales - Pop Rock - THE ART CAF\u00c9 LAGNY<\/title>\n<meta name=\"robots\" content=\"index, follow, max-snippet:-1, max-image-preview:large, max-video-preview:-1\" \/>\n<link rel=\"canonical\" href=\"https:\/\/theartcafelagny.com\/?tribe_events=tales-pop-rock-2\" \/>\n<meta property=\"og:locale\" content=\"fr_FR\" \/>\n<meta property=\"og:type\" content=\"article\" \/>\n<meta property=\"og:title\" content=\"Tales - Pop Rock - THE ART CAF\u00c9 LAGNY\" \/>\n<meta property=\"og:description\" content=\"N\u00e9e il y a 10 ans dans les couloirs du m\u00e9tro parisien, la musique de Tales respire la grande \u00e9poque de la Britpop : acoustique, intimiste, et gorg\u00e9e d&rsquo;harmonies vocales. [&hellip;]\" \/>\n<meta property=\"og:url\" content=\"https:\/\/theartcafelagny.com\/?tribe_events=tales-pop-rock-2\" \/>\n<meta property=\"og:site_name\" content=\"THE ART CAF\u00c9 LAGNY\" \/>\n<meta property=\"article:publisher\" content=\"https:\/\/www.facebook.com\/THEARTCAFE.LAGNY\/?locale=fr_FR\" \/>\n<meta property=\"article:modified_time\" content=\"2025-05-29T08:10:36+00:00\" \/>\n<meta property=\"og:image\" content=\"https:\/\/theartcafelagny.com\/wp-content\/uploads\/2024\/02\/89071283_2808038252621767_6155343804875407360_n.jpg\" \/>\n\t<meta property=\"og:image:width\" content=\"1200\" \/>\n\t<meta property=\"og:image:height\" content=\"848\" \/>\n\t<meta property=\"og:image:type\" content=\"image\/jpeg\" \/>\n<meta name=\"twitter:card\" content=\"summary_large_image\" \/>\n<meta name=\"twitter:label1\" content=\"Dur\u00e9e de lecture estim\u00e9e\" \/>\n\t<meta name=\"twitter:data1\" content=\"1 minute\" \/>\n<script type=\"application\/ld+json\" class=\"yoast-schema-graph\">{\"@context\":\"https:\/\/schema.org\",\"@graph\":[{\"@type\":\"WebPage\",\"@id\":\"https:\/\/theartcafelagny.com\/?tribe_events=tales-pop-rock-2\",\"url\":\"https:\/\/theartcafelagny.com\/?tribe_events=tales-pop-rock-2\",\"name\":\"Tales - Pop Rock - THE ART CAF\u00c9 LAGNY\",\"isPartOf\":{\"@id\":\"https:\/\/theartcafelagny.com\/#website\"},\"primaryImageOfPage\":{\"@id\":\"https:\/\/theartcafelagny.com\/?tribe_events=tales-pop-rock-2#primaryimage\"},\"image\":{\"@id\":\"https:\/\/theartcafelagny.com\/?tribe_events=tales-pop-rock-2#primaryimage\"},\"thumbnailUrl\":\"https:\/\/theartcafelagny.com\/wp-content\/uploads\/2024\/02\/89071283_2808038252621767_6155343804875407360_n.jpg\",\"datePublished\":\"2024-09-26T08:52:44+00:00\",\"dateModified\":\"2025-05-29T08:10:36+00:00\",\"breadcrumb\":{\"@id\":\"https:\/\/theartcafelagny.com\/?tribe_events=tales-pop-rock-2#breadcrumb\"},\"inLanguage\":\"fr-FR\",\"potentialAction\":[{\"@type\":\"ReadAction\",\"target\":[\"https:\/\/theartcafelagny.com\/?tribe_events=tales-pop-rock-2\"]}]},{\"@type\":\"ImageObject\",\"inLanguage\":\"fr-FR\",\"@id\":\"https:\/\/theartcafelagny.com\/?tribe_events=tales-pop-rock-2#primaryimage\",\"url\":\"https:\/\/theartcafelagny.com\/wp-content\/uploads\/2024\/02\/89071283_2808038252621767_6155343804875407360_n.jpg\",\"contentUrl\":\"https:\/\/theartcafelagny.com\/wp-content\/uploads\/2024\/02\/89071283_2808038252621767_6155343804875407360_n.jpg\",\"width\":1200,\"height\":848},{\"@type\":\"BreadcrumbList\",\"@id\":\"https:\/\/theartcafelagny.com\/?tribe_events=tales-pop-rock-2#breadcrumb\",\"itemListElement\":[{\"@type\":\"ListItem\",\"position\":1,\"name\":\"Accueil\",\"item\":\"https:\/\/theartcafelagny.com\/\"},{\"@type\":\"ListItem\",\"position\":2,\"name\":\"\u00c9v\u00e8nements\",\"item\":\"https:\/\/theartcafelagny.com\/?post_type=tribe_events\"},{\"@type\":\"ListItem\",\"position\":3,\"name\":\"Tales &#8211; Pop Rock\"}]},{\"@type\":\"WebSite\",\"@id\":\"https:\/\/theartcafelagny.com\/#website\",\"url\":\"https:\/\/theartcafelagny.com\/\",\"name\":\"THE ART CAF\u00c9 LAGNY\",\"description\":\"\",\"publisher\":{\"@id\":\"https:\/\/theartcafelagny.com\/#organization\"},\"potentialAction\":[{\"@type\":\"SearchAction\",\"target\":{\"@type\":\"EntryPoint\",\"urlTemplate\":\"https:\/\/theartcafelagny.com\/?s={search_term_string}\"},\"query-input\":{\"@type\":\"PropertyValueSpecification\",\"valueRequired\":true,\"valueName\":\"search_term_string\"}}],\"inLanguage\":\"fr-FR\"},{\"@type\":\"Organization\",\"@id\":\"https:\/\/theartcafelagny.com\/#organization\",\"name\":\"THE ART CAF\u00c9 LAGNY\",\"url\":\"https:\/\/theartcafelagny.com\/\",\"logo\":{\"@type\":\"ImageObject\",\"inLanguage\":\"fr-FR\",\"@id\":\"https:\/\/theartcafelagny.com\/#\/schema\/logo\/image\/\",\"url\":\"https:\/\/theartcafelagny.com\/wp-content\/uploads\/2023\/07\/Logo-The-art-cafe.png\",\"contentUrl\":\"https:\/\/theartcafelagny.com\/wp-content\/uploads\/2023\/07\/Logo-The-art-cafe.png\",\"width\":1536,\"height\":510,\"caption\":\"THE ART CAF\u00c9 LAGNY\"},\"image\":{\"@id\":\"https:\/\/theartcafelagny.com\/#\/schema\/logo\/image\/\"},\"sameAs\":[\"https:\/\/www.facebook.com\/THEARTCAFE.LAGNY\/?locale=fr_FR\",\"https:\/\/www.instagram.com\/theartcafelagny\/?hl=fr\"]}]}<\/script>\n<!-- \/ Yoast SEO plugin. -->","yoast_head_json":{"title":"Tales - Pop Rock - THE ART CAF\u00c9 LAGNY","robots":{"index":"index","follow":"follow","max-snippet":"max-snippet:-1","max-image-preview":"max-image-preview:large","max-video-preview":"max-video-preview:-1"},"canonical":"https:\/\/theartcafelagny.com\/?tribe_events=tales-pop-rock-2","og_locale":"fr_FR","og_type":"article","og_title":"Tales - Pop Rock - THE ART CAF\u00c9 LAGNY","og_description":"N\u00e9e il y a 10 ans dans les couloirs du m\u00e9tro parisien, la musique de Tales respire la grande \u00e9poque de la Britpop : acoustique, intimiste, et gorg\u00e9e d&rsquo;harmonies vocales. [&hellip;]","og_url":"https:\/\/theartcafelagny.com\/?tribe_events=tales-pop-rock-2","og_site_name":"THE ART CAF\u00c9 LAGNY","article_publisher":"https:\/\/www.facebook.com\/THEARTCAFE.LAGNY\/?locale=fr_FR","article_modified_time":"2025-05-29T08:10:36+00:00","og_image":[{"width":1200,"height":848,"url":"https:\/\/theartcafelagny.com\/wp-content\/uploads\/2024\/02\/89071283_2808038252621767_6155343804875407360_n.jpg","type":"image\/jpeg"}],"twitter_card":"summary_large_image","twitter_misc":{"Dur\u00e9e de lecture estim\u00e9e":"1 minute"},"schema":{"@context":"https:\/\/schema.org","@graph":[{"@type":"WebPage","@id":"https:\/\/theartcafelagny.com\/?tribe_events=tales-pop-rock-2","url":"https:\/\/theartcafelagny.com\/?tribe_events=tales-pop-rock-2","name":"Tales - Pop Rock - THE ART CAF\u00c9 LAGNY","isPartOf":{"@id":"https:\/\/theartcafelagny.com\/#website"},"primaryImageOfPage":{"@id":"https:\/\/theartcafelagny.com\/?tribe_events=tales-pop-rock-2#primaryimage"},"image":{"@id":"https:\/\/theartcafelagny.com\/?tribe_events=tales-pop-rock-2#primaryimage"},"thumbnailUrl":"https:\/\/theartcafelagny.com\/wp-content\/uploads\/2024\/02\/89071283_2808038252621767_6155343804875407360_n.jpg","datePublished":"2024-09-26T08:52:44+00:00","dateModified":"2025-05-29T08:10:36+00:00","breadcrumb":{"@id":"https:\/\/theartcafelagny.com\/?tribe_events=tales-pop-rock-2#breadcrumb"},"inLanguage":"fr-FR","potentialAction":[{"@type":"ReadAction","target":["https:\/\/theartcafelagny.com\/?tribe_events=tales-pop-rock-2"]}]},{"@type":"ImageObject","inLanguage":"fr-FR","@id":"https:\/\/theartcafelagny.com\/?tribe_events=tales-pop-rock-2#primaryimage","url":"https:\/\/theartcafelagny.com\/wp-content\/uploads\/2024\/02\/89071283_2808038252621767_6155343804875407360_n.jpg","contentUrl":"https:\/\/theartcafelagny.com\/wp-content\/uploads\/2024\/02\/89071283_2808038252621767_6155343804875407360_n.jpg","width":1200,"height":848},{"@type":"BreadcrumbList","@id":"https:\/\/theartcafelagny.com\/?tribe_events=tales-pop-rock-2#breadcrumb","itemListElement":[{"@type":"ListItem","position":1,"name":"Accueil","item":"https:\/\/theartcafelagny.com\/"},{"@type":"ListItem","position":2,"name":"\u00c9v\u00e8nements","item":"https:\/\/theartcafelagny.com\/?post_type=tribe_events"},{"@type":"ListItem","position":3,"name":"Tales &#8211; Pop Rock"}]},{"@type":"WebSite","@id":"https:\/\/theartcafelagny.com\/#website","url":"https:\/\/theartcafelagny.com\/","name":"THE ART CAF\u00c9 LAGNY","description":"","publisher":{"@id":"https:\/\/theartcafelagny.com\/#organization"},"potentialAction":[{"@type":"SearchAction","target":{"@type":"EntryPoint","urlTemplate":"https:\/\/theartcafelagny.com\/?s={search_term_string}"},"query-input":{"@type":"PropertyValueSpecification","valueRequired":true,"valueName":"search_term_string"}}],"inLanguage":"fr-FR"},{"@type":"Organization","@id":"https:\/\/theartcafelagny.com\/#organization","name":"THE ART CAF\u00c9 LAGNY","url":"https:\/\/theartcafelagny.com\/","logo":{"@type":"ImageObject","inLanguage":"fr-FR","@id":"https:\/\/theartcafelagny.com\/#\/schema\/logo\/image\/","url":"https:\/\/theartcafelagny.com\/wp-content\/uploads\/2023\/07\/Logo-The-art-cafe.png","contentUrl":"https:\/\/theartcafelagny.com\/wp-content\/uploads\/2023\/07\/Logo-The-art-cafe.png","width":1536,"height":510,"caption":"THE ART CAF\u00c9 LAGNY"},"image":{"@id":"https:\/\/theartcafelagny.com\/#\/schema\/logo\/image\/"},"sameAs":["https:\/\/www.facebook.com\/THEARTCAFE.LAGNY\/?locale=fr_FR","https:\/\/www.instagram.com\/theartcafelagny\/?hl=fr"]}]}},"_links":{"self":[{"href":"https:\/\/theartcafelagny.com\/index.php?rest_route=\/wp\/v2\/tribe_events\/539","targetHints":{"allow":["GET"]}}],"collection":[{"href":"https:\/\/theartcafelagny.com\/index.php?rest_route=\/wp\/v2\/tribe_events"}],"about":[{"href":"https:\/\/theartcafelagny.com\/index.php?rest_route=\/wp\/v2\/types\/tribe_events"}],"author":[{"embeddable":true,"href":"https:\/\/theartcafelagny.com\/index.php?rest_route=\/wp\/v2\/users\/4"}],"version-history":[{"count":1,"href":"https:\/\/theartcafelagny.com\/index.php?rest_route=\/wp\/v2\/tribe_events\/539\/revisions"}],"predecessor-version":[{"id":540,"href":"https:\/\/theartcafelagny.com\/index.php?rest_route=\/wp\/v2\/tribe_events\/539\/revisions\/540"}],"wp:featuredmedia":[{"embeddable":true,"href":"https:\/\/theartcafelagny.com\/index.php?rest_route=\/wp\/v2\/media\/399"}],"wp:attachment":[{"href":"https:\/\/theartcafelagny.com\/index.php?rest_route=%2Fwp%2Fv2%2Fmedia&parent=539"}],"wp:term":[{"taxonomy":"post_tag","embeddable":true,"href":"https:\/\/theartcafelagny.com\/index.php?rest_route=%2Fwp%2Fv2%2Ftags&post=539"},{"taxonomy":"tribe_events_cat","embeddable":true,"href":"https:\/\/theartcafelagny.com\/index.php?rest_route=%2Fwp%2Fv2%2Ftribe_events_cat&post=539"}],"curies":[{"name":"wp","href":"https:\/\/api.w.org\/{rel}","templated":true}]}}