{"id":556,"date":"2024-10-27T11:20:17","date_gmt":"2024-10-27T10:20:17","guid":{"rendered":"https:\/\/theartcafelagny.com\/?post_type=tribe_events&#038;p=556"},"modified":"2025-07-01T09:45:23","modified_gmt":"2025-07-01T07:45:23","slug":"la-plume-chanson-francaise","status":"publish","type":"tribe_events","link":"https:\/\/theartcafelagny.com\/?tribe_events=la-plume-chanson-francaise","title":{"rendered":"La Plume &#8211; Chanson fran\u00e7aise"},"content":{"rendered":"<p id=\"m_8530305948682367422docs-internal-guid-8efb817f-db37-7451-c614-717dc91fde39\" dir=\"ltr\">Haute comme trois plumes mais grande par sa prestance et son \u00e9nergie d\u00e9bordante, Priscilla Leclercq, dites La Plume s\u2019accompagne de son accord\u00e9on pour vous chanter les histoires et les vers qu\u2019elle a compos\u00e9es de sa plume l\u00e9g\u00e8re.<\/p>\n<p dir=\"ltr\">Tant\u00f4t dr\u00f4le et amusante, tant\u00f4t \u00e9mouvante, cette autrice compositrice vous emm\u00e8ne dans son univers musical plein de surprises o\u00f9 tout le monde y trouve son bonheur.<\/p>\n<p dir=\"ltr\">A travers son \u00e2me de clown, La Plume va faire rejaillir en vous votre \u00e2me d&rsquo;enfant.<\/p>\n<p>&nbsp;<\/p>\n","protected":false},"excerpt":{"rendered":"<p>Haute comme trois plumes mais grande par sa prestance et son \u00e9nergie d\u00e9bordante, Priscilla Leclercq, dites La Plume s\u2019accompagne de son accord\u00e9on pour vous chanter les histoires et les vers [&hellip;]<\/p>\n","protected":false},"author":4,"featured_media":557,"template":"","meta":{"_tribe_events_status":"","_tribe_events_status_reason":"","footnotes":""},"tags":[],"tribe_events_cat":[],"class_list":["post-556","tribe_events","type-tribe_events","status-publish","has-post-thumbnail","hentry"],"yoast_head":"<!-- This site is optimized with the Yoast SEO plugin v27.1.1 - https:\/\/yoast.com\/product\/yoast-seo-wordpress\/ -->\n<title>La Plume - Chanson fran\u00e7aise - THE ART CAF\u00c9 LAGNY<\/title>\n<meta name=\"robots\" content=\"index, follow, max-snippet:-1, max-image-preview:large, max-video-preview:-1\" \/>\n<link rel=\"canonical\" href=\"https:\/\/theartcafelagny.com\/?tribe_events=la-plume-chanson-francaise\" \/>\n<meta property=\"og:locale\" content=\"fr_FR\" \/>\n<meta property=\"og:type\" content=\"article\" \/>\n<meta property=\"og:title\" content=\"La Plume - Chanson fran\u00e7aise - THE ART CAF\u00c9 LAGNY\" \/>\n<meta property=\"og:description\" content=\"Haute comme trois plumes mais grande par sa prestance et son \u00e9nergie d\u00e9bordante, Priscilla Leclercq, dites La Plume s\u2019accompagne de son accord\u00e9on pour vous chanter les histoires et les vers [&hellip;]\" \/>\n<meta property=\"og:url\" content=\"https:\/\/theartcafelagny.com\/?tribe_events=la-plume-chanson-francaise\" \/>\n<meta property=\"og:site_name\" content=\"THE ART CAF\u00c9 LAGNY\" \/>\n<meta property=\"article:publisher\" content=\"https:\/\/www.facebook.com\/THEARTCAFE.LAGNY\/?locale=fr_FR\" \/>\n<meta property=\"article:modified_time\" content=\"2025-07-01T07:45:23+00:00\" \/>\n<meta property=\"og:image\" content=\"https:\/\/theartcafelagny.com\/wp-content\/uploads\/2024\/10\/image1.png\" \/>\n\t<meta property=\"og:image:width\" content=\"848\" \/>\n\t<meta property=\"og:image:height\" content=\"1200\" \/>\n\t<meta property=\"og:image:type\" content=\"image\/png\" \/>\n<meta name=\"twitter:card\" content=\"summary_large_image\" \/>\n<meta name=\"twitter:label1\" content=\"Dur\u00e9e de lecture estim\u00e9e\" \/>\n\t<meta name=\"twitter:data1\" content=\"1 minute\" \/>\n<script type=\"application\/ld+json\" class=\"yoast-schema-graph\">{\"@context\":\"https:\/\/schema.org\",\"@graph\":[{\"@type\":\"WebPage\",\"@id\":\"https:\/\/theartcafelagny.com\/?tribe_events=la-plume-chanson-francaise\",\"url\":\"https:\/\/theartcafelagny.com\/?tribe_events=la-plume-chanson-francaise\",\"name\":\"La Plume - Chanson fran\u00e7aise - THE ART CAF\u00c9 LAGNY\",\"isPartOf\":{\"@id\":\"https:\/\/theartcafelagny.com\/#website\"},\"primaryImageOfPage\":{\"@id\":\"https:\/\/theartcafelagny.com\/?tribe_events=la-plume-chanson-francaise#primaryimage\"},\"image\":{\"@id\":\"https:\/\/theartcafelagny.com\/?tribe_events=la-plume-chanson-francaise#primaryimage\"},\"thumbnailUrl\":\"https:\/\/theartcafelagny.com\/wp-content\/uploads\/2024\/10\/image1.png\",\"datePublished\":\"2024-10-27T10:20:17+00:00\",\"dateModified\":\"2025-07-01T07:45:23+00:00\",\"breadcrumb\":{\"@id\":\"https:\/\/theartcafelagny.com\/?tribe_events=la-plume-chanson-francaise#breadcrumb\"},\"inLanguage\":\"fr-FR\",\"potentialAction\":[{\"@type\":\"ReadAction\",\"target\":[\"https:\/\/theartcafelagny.com\/?tribe_events=la-plume-chanson-francaise\"]}]},{\"@type\":\"ImageObject\",\"inLanguage\":\"fr-FR\",\"@id\":\"https:\/\/theartcafelagny.com\/?tribe_events=la-plume-chanson-francaise#primaryimage\",\"url\":\"https:\/\/theartcafelagny.com\/wp-content\/uploads\/2024\/10\/image1.png\",\"contentUrl\":\"https:\/\/theartcafelagny.com\/wp-content\/uploads\/2024\/10\/image1.png\",\"width\":848,\"height\":1200},{\"@type\":\"BreadcrumbList\",\"@id\":\"https:\/\/theartcafelagny.com\/?tribe_events=la-plume-chanson-francaise#breadcrumb\",\"itemListElement\":[{\"@type\":\"ListItem\",\"position\":1,\"name\":\"Accueil\",\"item\":\"https:\/\/theartcafelagny.com\/\"},{\"@type\":\"ListItem\",\"position\":2,\"name\":\"\u00c9v\u00e8nements\",\"item\":\"https:\/\/theartcafelagny.com\/?post_type=tribe_events\"},{\"@type\":\"ListItem\",\"position\":3,\"name\":\"La Plume &#8211; Chanson fran\u00e7aise\"}]},{\"@type\":\"WebSite\",\"@id\":\"https:\/\/theartcafelagny.com\/#website\",\"url\":\"https:\/\/theartcafelagny.com\/\",\"name\":\"THE ART CAF\u00c9 LAGNY\",\"description\":\"\",\"publisher\":{\"@id\":\"https:\/\/theartcafelagny.com\/#organization\"},\"potentialAction\":[{\"@type\":\"SearchAction\",\"target\":{\"@type\":\"EntryPoint\",\"urlTemplate\":\"https:\/\/theartcafelagny.com\/?s={search_term_string}\"},\"query-input\":{\"@type\":\"PropertyValueSpecification\",\"valueRequired\":true,\"valueName\":\"search_term_string\"}}],\"inLanguage\":\"fr-FR\"},{\"@type\":\"Organization\",\"@id\":\"https:\/\/theartcafelagny.com\/#organization\",\"name\":\"THE ART CAF\u00c9 LAGNY\",\"url\":\"https:\/\/theartcafelagny.com\/\",\"logo\":{\"@type\":\"ImageObject\",\"inLanguage\":\"fr-FR\",\"@id\":\"https:\/\/theartcafelagny.com\/#\/schema\/logo\/image\/\",\"url\":\"https:\/\/theartcafelagny.com\/wp-content\/uploads\/2023\/07\/Logo-The-art-cafe.png\",\"contentUrl\":\"https:\/\/theartcafelagny.com\/wp-content\/uploads\/2023\/07\/Logo-The-art-cafe.png\",\"width\":1536,\"height\":510,\"caption\":\"THE ART CAF\u00c9 LAGNY\"},\"image\":{\"@id\":\"https:\/\/theartcafelagny.com\/#\/schema\/logo\/image\/\"},\"sameAs\":[\"https:\/\/www.facebook.com\/THEARTCAFE.LAGNY\/?locale=fr_FR\",\"https:\/\/www.instagram.com\/theartcafelagny\/?hl=fr\"]}]}<\/script>\n<!-- \/ Yoast SEO plugin. -->","yoast_head_json":{"title":"La Plume - Chanson fran\u00e7aise - THE ART CAF\u00c9 LAGNY","robots":{"index":"index","follow":"follow","max-snippet":"max-snippet:-1","max-image-preview":"max-image-preview:large","max-video-preview":"max-video-preview:-1"},"canonical":"https:\/\/theartcafelagny.com\/?tribe_events=la-plume-chanson-francaise","og_locale":"fr_FR","og_type":"article","og_title":"La Plume - Chanson fran\u00e7aise - THE ART CAF\u00c9 LAGNY","og_description":"Haute comme trois plumes mais grande par sa prestance et son \u00e9nergie d\u00e9bordante, Priscilla Leclercq, dites La Plume s\u2019accompagne de son accord\u00e9on pour vous chanter les histoires et les vers [&hellip;]","og_url":"https:\/\/theartcafelagny.com\/?tribe_events=la-plume-chanson-francaise","og_site_name":"THE ART CAF\u00c9 LAGNY","article_publisher":"https:\/\/www.facebook.com\/THEARTCAFE.LAGNY\/?locale=fr_FR","article_modified_time":"2025-07-01T07:45:23+00:00","og_image":[{"width":848,"height":1200,"url":"https:\/\/theartcafelagny.com\/wp-content\/uploads\/2024\/10\/image1.png","type":"image\/png"}],"twitter_card":"summary_large_image","twitter_misc":{"Dur\u00e9e de lecture estim\u00e9e":"1 minute"},"schema":{"@context":"https:\/\/schema.org","@graph":[{"@type":"WebPage","@id":"https:\/\/theartcafelagny.com\/?tribe_events=la-plume-chanson-francaise","url":"https:\/\/theartcafelagny.com\/?tribe_events=la-plume-chanson-francaise","name":"La Plume - Chanson fran\u00e7aise - THE ART CAF\u00c9 LAGNY","isPartOf":{"@id":"https:\/\/theartcafelagny.com\/#website"},"primaryImageOfPage":{"@id":"https:\/\/theartcafelagny.com\/?tribe_events=la-plume-chanson-francaise#primaryimage"},"image":{"@id":"https:\/\/theartcafelagny.com\/?tribe_events=la-plume-chanson-francaise#primaryimage"},"thumbnailUrl":"https:\/\/theartcafelagny.com\/wp-content\/uploads\/2024\/10\/image1.png","datePublished":"2024-10-27T10:20:17+00:00","dateModified":"2025-07-01T07:45:23+00:00","breadcrumb":{"@id":"https:\/\/theartcafelagny.com\/?tribe_events=la-plume-chanson-francaise#breadcrumb"},"inLanguage":"fr-FR","potentialAction":[{"@type":"ReadAction","target":["https:\/\/theartcafelagny.com\/?tribe_events=la-plume-chanson-francaise"]}]},{"@type":"ImageObject","inLanguage":"fr-FR","@id":"https:\/\/theartcafelagny.com\/?tribe_events=la-plume-chanson-francaise#primaryimage","url":"https:\/\/theartcafelagny.com\/wp-content\/uploads\/2024\/10\/image1.png","contentUrl":"https:\/\/theartcafelagny.com\/wp-content\/uploads\/2024\/10\/image1.png","width":848,"height":1200},{"@type":"BreadcrumbList","@id":"https:\/\/theartcafelagny.com\/?tribe_events=la-plume-chanson-francaise#breadcrumb","itemListElement":[{"@type":"ListItem","position":1,"name":"Accueil","item":"https:\/\/theartcafelagny.com\/"},{"@type":"ListItem","position":2,"name":"\u00c9v\u00e8nements","item":"https:\/\/theartcafelagny.com\/?post_type=tribe_events"},{"@type":"ListItem","position":3,"name":"La Plume &#8211; Chanson fran\u00e7aise"}]},{"@type":"WebSite","@id":"https:\/\/theartcafelagny.com\/#website","url":"https:\/\/theartcafelagny.com\/","name":"THE ART CAF\u00c9 LAGNY","description":"","publisher":{"@id":"https:\/\/theartcafelagny.com\/#organization"},"potentialAction":[{"@type":"SearchAction","target":{"@type":"EntryPoint","urlTemplate":"https:\/\/theartcafelagny.com\/?s={search_term_string}"},"query-input":{"@type":"PropertyValueSpecification","valueRequired":true,"valueName":"search_term_string"}}],"inLanguage":"fr-FR"},{"@type":"Organization","@id":"https:\/\/theartcafelagny.com\/#organization","name":"THE ART CAF\u00c9 LAGNY","url":"https:\/\/theartcafelagny.com\/","logo":{"@type":"ImageObject","inLanguage":"fr-FR","@id":"https:\/\/theartcafelagny.com\/#\/schema\/logo\/image\/","url":"https:\/\/theartcafelagny.com\/wp-content\/uploads\/2023\/07\/Logo-The-art-cafe.png","contentUrl":"https:\/\/theartcafelagny.com\/wp-content\/uploads\/2023\/07\/Logo-The-art-cafe.png","width":1536,"height":510,"caption":"THE ART CAF\u00c9 LAGNY"},"image":{"@id":"https:\/\/theartcafelagny.com\/#\/schema\/logo\/image\/"},"sameAs":["https:\/\/www.facebook.com\/THEARTCAFE.LAGNY\/?locale=fr_FR","https:\/\/www.instagram.com\/theartcafelagny\/?hl=fr"]}]}},"_links":{"self":[{"href":"https:\/\/theartcafelagny.com\/index.php?rest_route=\/wp\/v2\/tribe_events\/556","targetHints":{"allow":["GET"]}}],"collection":[{"href":"https:\/\/theartcafelagny.com\/index.php?rest_route=\/wp\/v2\/tribe_events"}],"about":[{"href":"https:\/\/theartcafelagny.com\/index.php?rest_route=\/wp\/v2\/types\/tribe_events"}],"author":[{"embeddable":true,"href":"https:\/\/theartcafelagny.com\/index.php?rest_route=\/wp\/v2\/users\/4"}],"version-history":[{"count":2,"href":"https:\/\/theartcafelagny.com\/index.php?rest_route=\/wp\/v2\/tribe_events\/556\/revisions"}],"predecessor-version":[{"id":674,"href":"https:\/\/theartcafelagny.com\/index.php?rest_route=\/wp\/v2\/tribe_events\/556\/revisions\/674"}],"wp:featuredmedia":[{"embeddable":true,"href":"https:\/\/theartcafelagny.com\/index.php?rest_route=\/wp\/v2\/media\/557"}],"wp:attachment":[{"href":"https:\/\/theartcafelagny.com\/index.php?rest_route=%2Fwp%2Fv2%2Fmedia&parent=556"}],"wp:term":[{"taxonomy":"post_tag","embeddable":true,"href":"https:\/\/theartcafelagny.com\/index.php?rest_route=%2Fwp%2Fv2%2Ftags&post=556"},{"taxonomy":"tribe_events_cat","embeddable":true,"href":"https:\/\/theartcafelagny.com\/index.php?rest_route=%2Fwp%2Fv2%2Ftribe_events_cat&post=556"}],"curies":[{"name":"wp","href":"https:\/\/api.w.org\/{rel}","templated":true}]}}