{"id":568,"date":"2025-04-01T09:42:46","date_gmt":"2025-04-01T07:42:46","guid":{"rendered":"https:\/\/theartcafelagny.com\/?post_type=tribe_events&#038;p=568"},"modified":"2025-04-01T09:42:46","modified_gmt":"2025-04-01T07:42:46","slug":"gael-rouilhac-trio-jazz-manouche-2","status":"publish","type":"tribe_events","link":"https:\/\/theartcafelagny.com\/?tribe_events=gael-rouilhac-trio-jazz-manouche-2","title":{"rendered":"Gael Rouilhac trio &#8211; Jazz Manouche"},"content":{"rendered":"<p>Ga\u00ebl Rouilhac est un musicien fran\u00e7ais, n\u00e9 en 1982. Guitariste \u00e9clectique aux diverses influences, son domaine de pr\u00e9dilection est le jazz et l&rsquo;improvisation. Compositeur, principalement pour son projet\u00a0\u00abWaterworks\u00a0\u00bb, il lui arrive aussi de travailler pour des commandes occasionnelles (t\u00e9l\u00e9films, radios..).<\/p>\n<p>&nbsp;<\/p>\n<p>&nbsp;<\/p>\n<div id=\"cc-m-13348268049\" class=\"j-module n j-text \">\n<p><em>\u00ab Tout coule de fa\u00e7on fluide et on se laisse emporter par les envol\u00e9es des trois complices, d\u2019une justesse et d\u2019une pr\u00e9cision impressionnantes. Une incontestable r\u00e9ussite\u00a0\u00bb.<br \/>\n<\/em><strong>F\u00e9lix Marciano\u00a0 &#8211; Jazz Magazine n\u00b0732<\/strong>\u00a0<em>\u00a0<img decoding=\"async\" src=\"https:\/\/www.laboriejazz.fr\/images\/logos\/recompenses\/jazzmagazine-4etoiles.jpg\" alt=\"jazzmagazine 4etoiles\" width=\"60\" height=\"16\" \/><\/em><\/p>\n<p><em>\u00ab\u00a0\u2026 La musique s\u2019\u00e9coule parfois doucement, parfois rapidement, dans un courant changeant mais toujours pr\u00e9sent, dans lequel on se laisse facilement emporter. Un album intelligent, fin, bienveillant, savoureux\u00a0\u00bb.<br \/>\n<\/em><strong>Alexandre Fournet &#8211; Jazz News n\u00b0 86<\/strong><\/p>\n<p><em>\u00ab\u00a0Un artiste qui confirme totalement l\u2019adage que la valeur n\u2019attend pas le nombre des ann\u00e9es pour s\u2019affirmer \u2026 Un premier coup d\u2019essai qui vaut coup de ma\u00eetre !\u00a0\u00bb.<\/em><br \/>\n<strong>Dominique BOULAY &#8211; Paris Move &#8211; Septembre 2020 \u00a0\u00a0<\/strong><img decoding=\"async\" src=\"https:\/\/www.paris-move.com\/wp-content\/themes\/parismove\/resources\/images\/very-good.png\" alt=\"parismove 4etoiles\" width=\"60\" height=\"18\" \/><strong>(Tr\u00e8s bon)<\/strong><\/p>\n<p><em>\u00ab\u00a0Cet album est le r\u00e9sultat d&rsquo;un mariage dansant entre tradition et modernit\u00e9 qui pr\u00e9sente la sensibilit\u00e9 et la l\u00e9g\u00e8ret\u00e9 de l&rsquo;univers de l&rsquo;artiste \u2026 Le travail du guitariste est sublim\u00e9 par la participation de\u00a0la violoniste\u00a0Caroline Bugala\u00a0et de l\u2019accord\u00e9oniste sicilien\u00a0Roberto Gervasi\u00a0\u00bb.<\/em><br \/>\n<strong>JAZZ RADIO &#8211; 1 octobre 2020<\/strong><\/p>\n<p><em>\u00ab\u00a0Waterworks, v\u00e9ritable patchwork original de styles et de rythmes, transmet sa bonne humeur subtile et profonde \u00e0 qui l\u2019\u00e9coute. Bien jou\u00e9 !\u00a0\u00bb.<\/em><br \/>\n<strong>Bob Hatteau &#8211; Jazz \u00e0 Babord &#8211; 4 novembre 2020<\/strong><\/p>\n<\/div>\n<div id=\"cc-m-12822446449\" class=\"j-module n j-spacing \">\n<div class=\"cc-m-spacer\"><\/div>\n<\/div>\n","protected":false},"excerpt":{"rendered":"<p>Ga\u00ebl Rouilhac est un musicien fran\u00e7ais, n\u00e9 en 1982. Guitariste \u00e9clectique aux diverses influences, son domaine de pr\u00e9dilection est le jazz et l&rsquo;improvisation. Compositeur, principalement pour son projet\u00a0\u00abWaterworks\u00a0\u00bb, il lui [&hellip;]<\/p>\n","protected":false},"author":4,"featured_media":566,"template":"","meta":{"_tribe_events_status":"","_tribe_events_status_reason":"","footnotes":""},"tags":[],"tribe_events_cat":[],"class_list":["post-568","tribe_events","type-tribe_events","status-publish","has-post-thumbnail","hentry"],"yoast_head":"<!-- This site is optimized with the Yoast SEO plugin v27.1.1 - https:\/\/yoast.com\/product\/yoast-seo-wordpress\/ -->\n<title>Gael Rouilhac trio - Jazz Manouche - THE ART CAF\u00c9 LAGNY<\/title>\n<meta name=\"robots\" content=\"index, follow, max-snippet:-1, max-image-preview:large, max-video-preview:-1\" \/>\n<link rel=\"canonical\" href=\"https:\/\/theartcafelagny.com\/?tribe_events=gael-rouilhac-trio-jazz-manouche-2\" \/>\n<meta property=\"og:locale\" content=\"fr_FR\" \/>\n<meta property=\"og:type\" content=\"article\" \/>\n<meta property=\"og:title\" content=\"Gael Rouilhac trio - Jazz Manouche - THE ART CAF\u00c9 LAGNY\" \/>\n<meta property=\"og:description\" content=\"Ga\u00ebl Rouilhac est un musicien fran\u00e7ais, n\u00e9 en 1982. Guitariste \u00e9clectique aux diverses influences, son domaine de pr\u00e9dilection est le jazz et l&rsquo;improvisation. Compositeur, principalement pour son projet\u00a0\u00abWaterworks\u00a0\u00bb, il lui [&hellip;]\" \/>\n<meta property=\"og:url\" content=\"https:\/\/theartcafelagny.com\/?tribe_events=gael-rouilhac-trio-jazz-manouche-2\" \/>\n<meta property=\"og:site_name\" content=\"THE ART CAF\u00c9 LAGNY\" \/>\n<meta property=\"article:publisher\" content=\"https:\/\/www.facebook.com\/THEARTCAFE.LAGNY\/?locale=fr_FR\" \/>\n<meta property=\"og:image\" content=\"https:\/\/theartcafelagny.com\/wp-content\/uploads\/2024\/12\/Capture-decran-2024-12-01-a-09.51.46.png\" \/>\n\t<meta property=\"og:image:width\" content=\"798\" \/>\n\t<meta property=\"og:image:height\" content=\"1200\" \/>\n\t<meta property=\"og:image:type\" content=\"image\/png\" \/>\n<meta name=\"twitter:card\" content=\"summary_large_image\" \/>\n<meta name=\"twitter:label1\" content=\"Dur\u00e9e de lecture estim\u00e9e\" \/>\n\t<meta name=\"twitter:data1\" content=\"2 minutes\" \/>\n<script type=\"application\/ld+json\" class=\"yoast-schema-graph\">{\"@context\":\"https:\/\/schema.org\",\"@graph\":[{\"@type\":\"WebPage\",\"@id\":\"https:\/\/theartcafelagny.com\/?tribe_events=gael-rouilhac-trio-jazz-manouche-2\",\"url\":\"https:\/\/theartcafelagny.com\/?tribe_events=gael-rouilhac-trio-jazz-manouche-2\",\"name\":\"Gael Rouilhac trio - Jazz Manouche - THE ART CAF\u00c9 LAGNY\",\"isPartOf\":{\"@id\":\"https:\/\/theartcafelagny.com\/#website\"},\"primaryImageOfPage\":{\"@id\":\"https:\/\/theartcafelagny.com\/?tribe_events=gael-rouilhac-trio-jazz-manouche-2#primaryimage\"},\"image\":{\"@id\":\"https:\/\/theartcafelagny.com\/?tribe_events=gael-rouilhac-trio-jazz-manouche-2#primaryimage\"},\"thumbnailUrl\":\"https:\/\/theartcafelagny.com\/wp-content\/uploads\/2024\/12\/Capture-decran-2024-12-01-a-09.51.46.png\",\"datePublished\":\"2025-04-01T07:42:46+00:00\",\"breadcrumb\":{\"@id\":\"https:\/\/theartcafelagny.com\/?tribe_events=gael-rouilhac-trio-jazz-manouche-2#breadcrumb\"},\"inLanguage\":\"fr-FR\",\"potentialAction\":[{\"@type\":\"ReadAction\",\"target\":[\"https:\/\/theartcafelagny.com\/?tribe_events=gael-rouilhac-trio-jazz-manouche-2\"]}]},{\"@type\":\"ImageObject\",\"inLanguage\":\"fr-FR\",\"@id\":\"https:\/\/theartcafelagny.com\/?tribe_events=gael-rouilhac-trio-jazz-manouche-2#primaryimage\",\"url\":\"https:\/\/theartcafelagny.com\/wp-content\/uploads\/2024\/12\/Capture-decran-2024-12-01-a-09.51.46.png\",\"contentUrl\":\"https:\/\/theartcafelagny.com\/wp-content\/uploads\/2024\/12\/Capture-decran-2024-12-01-a-09.51.46.png\",\"width\":798,\"height\":1200},{\"@type\":\"BreadcrumbList\",\"@id\":\"https:\/\/theartcafelagny.com\/?tribe_events=gael-rouilhac-trio-jazz-manouche-2#breadcrumb\",\"itemListElement\":[{\"@type\":\"ListItem\",\"position\":1,\"name\":\"Accueil\",\"item\":\"https:\/\/theartcafelagny.com\/\"},{\"@type\":\"ListItem\",\"position\":2,\"name\":\"\u00c9v\u00e8nements\",\"item\":\"https:\/\/theartcafelagny.com\/?post_type=tribe_events\"},{\"@type\":\"ListItem\",\"position\":3,\"name\":\"Gael Rouilhac trio &#8211; Jazz Manouche\"}]},{\"@type\":\"WebSite\",\"@id\":\"https:\/\/theartcafelagny.com\/#website\",\"url\":\"https:\/\/theartcafelagny.com\/\",\"name\":\"THE ART CAF\u00c9 LAGNY\",\"description\":\"\",\"publisher\":{\"@id\":\"https:\/\/theartcafelagny.com\/#organization\"},\"potentialAction\":[{\"@type\":\"SearchAction\",\"target\":{\"@type\":\"EntryPoint\",\"urlTemplate\":\"https:\/\/theartcafelagny.com\/?s={search_term_string}\"},\"query-input\":{\"@type\":\"PropertyValueSpecification\",\"valueRequired\":true,\"valueName\":\"search_term_string\"}}],\"inLanguage\":\"fr-FR\"},{\"@type\":\"Organization\",\"@id\":\"https:\/\/theartcafelagny.com\/#organization\",\"name\":\"THE ART CAF\u00c9 LAGNY\",\"url\":\"https:\/\/theartcafelagny.com\/\",\"logo\":{\"@type\":\"ImageObject\",\"inLanguage\":\"fr-FR\",\"@id\":\"https:\/\/theartcafelagny.com\/#\/schema\/logo\/image\/\",\"url\":\"https:\/\/theartcafelagny.com\/wp-content\/uploads\/2023\/07\/Logo-The-art-cafe.png\",\"contentUrl\":\"https:\/\/theartcafelagny.com\/wp-content\/uploads\/2023\/07\/Logo-The-art-cafe.png\",\"width\":1536,\"height\":510,\"caption\":\"THE ART CAF\u00c9 LAGNY\"},\"image\":{\"@id\":\"https:\/\/theartcafelagny.com\/#\/schema\/logo\/image\/\"},\"sameAs\":[\"https:\/\/www.facebook.com\/THEARTCAFE.LAGNY\/?locale=fr_FR\",\"https:\/\/www.instagram.com\/theartcafelagny\/?hl=fr\"]}]}<\/script>\n<!-- \/ Yoast SEO plugin. -->","yoast_head_json":{"title":"Gael Rouilhac trio - Jazz Manouche - THE ART CAF\u00c9 LAGNY","robots":{"index":"index","follow":"follow","max-snippet":"max-snippet:-1","max-image-preview":"max-image-preview:large","max-video-preview":"max-video-preview:-1"},"canonical":"https:\/\/theartcafelagny.com\/?tribe_events=gael-rouilhac-trio-jazz-manouche-2","og_locale":"fr_FR","og_type":"article","og_title":"Gael Rouilhac trio - Jazz Manouche - THE ART CAF\u00c9 LAGNY","og_description":"Ga\u00ebl Rouilhac est un musicien fran\u00e7ais, n\u00e9 en 1982. Guitariste \u00e9clectique aux diverses influences, son domaine de pr\u00e9dilection est le jazz et l&rsquo;improvisation. Compositeur, principalement pour son projet\u00a0\u00abWaterworks\u00a0\u00bb, il lui [&hellip;]","og_url":"https:\/\/theartcafelagny.com\/?tribe_events=gael-rouilhac-trio-jazz-manouche-2","og_site_name":"THE ART CAF\u00c9 LAGNY","article_publisher":"https:\/\/www.facebook.com\/THEARTCAFE.LAGNY\/?locale=fr_FR","og_image":[{"width":798,"height":1200,"url":"https:\/\/theartcafelagny.com\/wp-content\/uploads\/2024\/12\/Capture-decran-2024-12-01-a-09.51.46.png","type":"image\/png"}],"twitter_card":"summary_large_image","twitter_misc":{"Dur\u00e9e de lecture estim\u00e9e":"2 minutes"},"schema":{"@context":"https:\/\/schema.org","@graph":[{"@type":"WebPage","@id":"https:\/\/theartcafelagny.com\/?tribe_events=gael-rouilhac-trio-jazz-manouche-2","url":"https:\/\/theartcafelagny.com\/?tribe_events=gael-rouilhac-trio-jazz-manouche-2","name":"Gael Rouilhac trio - Jazz Manouche - THE ART CAF\u00c9 LAGNY","isPartOf":{"@id":"https:\/\/theartcafelagny.com\/#website"},"primaryImageOfPage":{"@id":"https:\/\/theartcafelagny.com\/?tribe_events=gael-rouilhac-trio-jazz-manouche-2#primaryimage"},"image":{"@id":"https:\/\/theartcafelagny.com\/?tribe_events=gael-rouilhac-trio-jazz-manouche-2#primaryimage"},"thumbnailUrl":"https:\/\/theartcafelagny.com\/wp-content\/uploads\/2024\/12\/Capture-decran-2024-12-01-a-09.51.46.png","datePublished":"2025-04-01T07:42:46+00:00","breadcrumb":{"@id":"https:\/\/theartcafelagny.com\/?tribe_events=gael-rouilhac-trio-jazz-manouche-2#breadcrumb"},"inLanguage":"fr-FR","potentialAction":[{"@type":"ReadAction","target":["https:\/\/theartcafelagny.com\/?tribe_events=gael-rouilhac-trio-jazz-manouche-2"]}]},{"@type":"ImageObject","inLanguage":"fr-FR","@id":"https:\/\/theartcafelagny.com\/?tribe_events=gael-rouilhac-trio-jazz-manouche-2#primaryimage","url":"https:\/\/theartcafelagny.com\/wp-content\/uploads\/2024\/12\/Capture-decran-2024-12-01-a-09.51.46.png","contentUrl":"https:\/\/theartcafelagny.com\/wp-content\/uploads\/2024\/12\/Capture-decran-2024-12-01-a-09.51.46.png","width":798,"height":1200},{"@type":"BreadcrumbList","@id":"https:\/\/theartcafelagny.com\/?tribe_events=gael-rouilhac-trio-jazz-manouche-2#breadcrumb","itemListElement":[{"@type":"ListItem","position":1,"name":"Accueil","item":"https:\/\/theartcafelagny.com\/"},{"@type":"ListItem","position":2,"name":"\u00c9v\u00e8nements","item":"https:\/\/theartcafelagny.com\/?post_type=tribe_events"},{"@type":"ListItem","position":3,"name":"Gael Rouilhac trio &#8211; Jazz Manouche"}]},{"@type":"WebSite","@id":"https:\/\/theartcafelagny.com\/#website","url":"https:\/\/theartcafelagny.com\/","name":"THE ART CAF\u00c9 LAGNY","description":"","publisher":{"@id":"https:\/\/theartcafelagny.com\/#organization"},"potentialAction":[{"@type":"SearchAction","target":{"@type":"EntryPoint","urlTemplate":"https:\/\/theartcafelagny.com\/?s={search_term_string}"},"query-input":{"@type":"PropertyValueSpecification","valueRequired":true,"valueName":"search_term_string"}}],"inLanguage":"fr-FR"},{"@type":"Organization","@id":"https:\/\/theartcafelagny.com\/#organization","name":"THE ART CAF\u00c9 LAGNY","url":"https:\/\/theartcafelagny.com\/","logo":{"@type":"ImageObject","inLanguage":"fr-FR","@id":"https:\/\/theartcafelagny.com\/#\/schema\/logo\/image\/","url":"https:\/\/theartcafelagny.com\/wp-content\/uploads\/2023\/07\/Logo-The-art-cafe.png","contentUrl":"https:\/\/theartcafelagny.com\/wp-content\/uploads\/2023\/07\/Logo-The-art-cafe.png","width":1536,"height":510,"caption":"THE ART CAF\u00c9 LAGNY"},"image":{"@id":"https:\/\/theartcafelagny.com\/#\/schema\/logo\/image\/"},"sameAs":["https:\/\/www.facebook.com\/THEARTCAFE.LAGNY\/?locale=fr_FR","https:\/\/www.instagram.com\/theartcafelagny\/?hl=fr"]}]}},"_links":{"self":[{"href":"https:\/\/theartcafelagny.com\/index.php?rest_route=\/wp\/v2\/tribe_events\/568","targetHints":{"allow":["GET"]}}],"collection":[{"href":"https:\/\/theartcafelagny.com\/index.php?rest_route=\/wp\/v2\/tribe_events"}],"about":[{"href":"https:\/\/theartcafelagny.com\/index.php?rest_route=\/wp\/v2\/types\/tribe_events"}],"author":[{"embeddable":true,"href":"https:\/\/theartcafelagny.com\/index.php?rest_route=\/wp\/v2\/users\/4"}],"version-history":[{"count":1,"href":"https:\/\/theartcafelagny.com\/index.php?rest_route=\/wp\/v2\/tribe_events\/568\/revisions"}],"predecessor-version":[{"id":646,"href":"https:\/\/theartcafelagny.com\/index.php?rest_route=\/wp\/v2\/tribe_events\/568\/revisions\/646"}],"wp:featuredmedia":[{"embeddable":true,"href":"https:\/\/theartcafelagny.com\/index.php?rest_route=\/wp\/v2\/media\/566"}],"wp:attachment":[{"href":"https:\/\/theartcafelagny.com\/index.php?rest_route=%2Fwp%2Fv2%2Fmedia&parent=568"}],"wp:term":[{"taxonomy":"post_tag","embeddable":true,"href":"https:\/\/theartcafelagny.com\/index.php?rest_route=%2Fwp%2Fv2%2Ftags&post=568"},{"taxonomy":"tribe_events_cat","embeddable":true,"href":"https:\/\/theartcafelagny.com\/index.php?rest_route=%2Fwp%2Fv2%2Ftribe_events_cat&post=568"}],"curies":[{"name":"wp","href":"https:\/\/api.w.org\/{rel}","templated":true}]}}