{"id":613,"date":"2025-02-20T10:38:12","date_gmt":"2025-02-20T09:38:12","guid":{"rendered":"https:\/\/theartcafelagny.com\/?post_type=tribe_events&#038;p=613"},"modified":"2025-02-22T10:32:57","modified_gmt":"2025-02-22T09:32:57","slug":"christophe-wallemme-trio-jazz","status":"publish","type":"tribe_events","link":"https:\/\/theartcafelagny.com\/?tribe_events=christophe-wallemme-trio-jazz","title":{"rendered":"Christophe Wallemme trio &#8211; Jazz"},"content":{"rendered":"<div dir=\"auto\">\n<div dir=\"auto\"><\/div>\n<div dir=\"auto\">Le Th\u00e9 Art Caf\u00e9 vous invite \u00e0 une soir\u00e9e musicale plac\u00e9e sous le signe du jazz, des standards revisit\u00e9s aux rythmes envo\u00fbtants de la musique br\u00e9silienne. Un quartet de talent qui vous fera voyager : Christophe wallemme \u00e0 la guitare, Pascal Prautois \u00e0 la contrebasse et Laurent Derache \u00e0 l\u2019accord\u00e9on. Et une invit\u00e9e sp\u00e9ciale, la chanteuse Cendrine Flo qui viendra sublimer cette soir\u00e9e avec sa voix envo\u00fbtante.<\/div>\n<div dir=\"auto\"><\/div>\n<div dir=\"auto\">Une ambiance chaleureuse, des sonorit\u00e9s raffin\u00e9es et un moment unique \u00e0 ne pas manquer !<\/div>\n<\/div>\n","protected":false},"excerpt":{"rendered":"<p>Le Th\u00e9 Art Caf\u00e9 vous invite \u00e0 une soir\u00e9e musicale plac\u00e9e sous le signe du jazz, des standards revisit\u00e9s aux rythmes envo\u00fbtants de la musique br\u00e9silienne. Un quartet de talent [&hellip;]<\/p>\n","protected":false},"author":4,"featured_media":629,"template":"","meta":{"_tribe_events_status":"","_tribe_events_status_reason":"","footnotes":""},"tags":[],"tribe_events_cat":[],"class_list":["post-613","tribe_events","type-tribe_events","status-publish","has-post-thumbnail","hentry"],"yoast_head":"<!-- This site is optimized with the Yoast SEO plugin v27.1.1 - https:\/\/yoast.com\/product\/yoast-seo-wordpress\/ -->\n<title>Christophe Wallemme trio - Jazz - THE ART CAF\u00c9 LAGNY<\/title>\n<meta name=\"robots\" content=\"index, follow, max-snippet:-1, max-image-preview:large, max-video-preview:-1\" \/>\n<link rel=\"canonical\" href=\"https:\/\/theartcafelagny.com\/?tribe_events=christophe-wallemme-trio-jazz\" \/>\n<meta property=\"og:locale\" content=\"fr_FR\" \/>\n<meta property=\"og:type\" content=\"article\" \/>\n<meta property=\"og:title\" content=\"Christophe Wallemme trio - Jazz - THE ART CAF\u00c9 LAGNY\" \/>\n<meta property=\"og:description\" content=\"Le Th\u00e9 Art Caf\u00e9 vous invite \u00e0 une soir\u00e9e musicale plac\u00e9e sous le signe du jazz, des standards revisit\u00e9s aux rythmes envo\u00fbtants de la musique br\u00e9silienne. Un quartet de talent [&hellip;]\" \/>\n<meta property=\"og:url\" content=\"https:\/\/theartcafelagny.com\/?tribe_events=christophe-wallemme-trio-jazz\" \/>\n<meta property=\"og:site_name\" content=\"THE ART CAF\u00c9 LAGNY\" \/>\n<meta property=\"article:publisher\" content=\"https:\/\/www.facebook.com\/THEARTCAFE.LAGNY\/?locale=fr_FR\" \/>\n<meta property=\"article:modified_time\" content=\"2025-02-22T09:32:57+00:00\" \/>\n<meta property=\"og:image\" content=\"https:\/\/theartcafelagny.com\/wp-content\/uploads\/2025\/02\/IMG-20250221-WA0041.jpg\" \/>\n\t<meta property=\"og:image:width\" content=\"1024\" \/>\n\t<meta property=\"og:image:height\" content=\"1024\" \/>\n\t<meta property=\"og:image:type\" content=\"image\/jpeg\" \/>\n<meta name=\"twitter:card\" content=\"summary_large_image\" \/>\n<meta name=\"twitter:label1\" content=\"Dur\u00e9e de lecture estim\u00e9e\" \/>\n\t<meta name=\"twitter:data1\" content=\"1 minute\" \/>\n<script type=\"application\/ld+json\" class=\"yoast-schema-graph\">{\"@context\":\"https:\/\/schema.org\",\"@graph\":[{\"@type\":\"WebPage\",\"@id\":\"https:\/\/theartcafelagny.com\/?tribe_events=christophe-wallemme-trio-jazz\",\"url\":\"https:\/\/theartcafelagny.com\/?tribe_events=christophe-wallemme-trio-jazz\",\"name\":\"Christophe Wallemme trio - Jazz - THE ART CAF\u00c9 LAGNY\",\"isPartOf\":{\"@id\":\"https:\/\/theartcafelagny.com\/#website\"},\"primaryImageOfPage\":{\"@id\":\"https:\/\/theartcafelagny.com\/?tribe_events=christophe-wallemme-trio-jazz#primaryimage\"},\"image\":{\"@id\":\"https:\/\/theartcafelagny.com\/?tribe_events=christophe-wallemme-trio-jazz#primaryimage\"},\"thumbnailUrl\":\"https:\/\/theartcafelagny.com\/wp-content\/uploads\/2025\/02\/IMG-20250221-WA0041.jpg\",\"datePublished\":\"2025-02-20T09:38:12+00:00\",\"dateModified\":\"2025-02-22T09:32:57+00:00\",\"breadcrumb\":{\"@id\":\"https:\/\/theartcafelagny.com\/?tribe_events=christophe-wallemme-trio-jazz#breadcrumb\"},\"inLanguage\":\"fr-FR\",\"potentialAction\":[{\"@type\":\"ReadAction\",\"target\":[\"https:\/\/theartcafelagny.com\/?tribe_events=christophe-wallemme-trio-jazz\"]}]},{\"@type\":\"ImageObject\",\"inLanguage\":\"fr-FR\",\"@id\":\"https:\/\/theartcafelagny.com\/?tribe_events=christophe-wallemme-trio-jazz#primaryimage\",\"url\":\"https:\/\/theartcafelagny.com\/wp-content\/uploads\/2025\/02\/IMG-20250221-WA0041.jpg\",\"contentUrl\":\"https:\/\/theartcafelagny.com\/wp-content\/uploads\/2025\/02\/IMG-20250221-WA0041.jpg\",\"width\":1024,\"height\":1024},{\"@type\":\"BreadcrumbList\",\"@id\":\"https:\/\/theartcafelagny.com\/?tribe_events=christophe-wallemme-trio-jazz#breadcrumb\",\"itemListElement\":[{\"@type\":\"ListItem\",\"position\":1,\"name\":\"Accueil\",\"item\":\"https:\/\/theartcafelagny.com\/\"},{\"@type\":\"ListItem\",\"position\":2,\"name\":\"\u00c9v\u00e8nements\",\"item\":\"https:\/\/theartcafelagny.com\/?post_type=tribe_events\"},{\"@type\":\"ListItem\",\"position\":3,\"name\":\"Christophe Wallemme trio &#8211; Jazz\"}]},{\"@type\":\"WebSite\",\"@id\":\"https:\/\/theartcafelagny.com\/#website\",\"url\":\"https:\/\/theartcafelagny.com\/\",\"name\":\"THE ART CAF\u00c9 LAGNY\",\"description\":\"\",\"publisher\":{\"@id\":\"https:\/\/theartcafelagny.com\/#organization\"},\"potentialAction\":[{\"@type\":\"SearchAction\",\"target\":{\"@type\":\"EntryPoint\",\"urlTemplate\":\"https:\/\/theartcafelagny.com\/?s={search_term_string}\"},\"query-input\":{\"@type\":\"PropertyValueSpecification\",\"valueRequired\":true,\"valueName\":\"search_term_string\"}}],\"inLanguage\":\"fr-FR\"},{\"@type\":\"Organization\",\"@id\":\"https:\/\/theartcafelagny.com\/#organization\",\"name\":\"THE ART CAF\u00c9 LAGNY\",\"url\":\"https:\/\/theartcafelagny.com\/\",\"logo\":{\"@type\":\"ImageObject\",\"inLanguage\":\"fr-FR\",\"@id\":\"https:\/\/theartcafelagny.com\/#\/schema\/logo\/image\/\",\"url\":\"https:\/\/theartcafelagny.com\/wp-content\/uploads\/2023\/07\/Logo-The-art-cafe.png\",\"contentUrl\":\"https:\/\/theartcafelagny.com\/wp-content\/uploads\/2023\/07\/Logo-The-art-cafe.png\",\"width\":1536,\"height\":510,\"caption\":\"THE ART CAF\u00c9 LAGNY\"},\"image\":{\"@id\":\"https:\/\/theartcafelagny.com\/#\/schema\/logo\/image\/\"},\"sameAs\":[\"https:\/\/www.facebook.com\/THEARTCAFE.LAGNY\/?locale=fr_FR\",\"https:\/\/www.instagram.com\/theartcafelagny\/?hl=fr\"]}]}<\/script>\n<!-- \/ Yoast SEO plugin. -->","yoast_head_json":{"title":"Christophe Wallemme trio - Jazz - THE ART CAF\u00c9 LAGNY","robots":{"index":"index","follow":"follow","max-snippet":"max-snippet:-1","max-image-preview":"max-image-preview:large","max-video-preview":"max-video-preview:-1"},"canonical":"https:\/\/theartcafelagny.com\/?tribe_events=christophe-wallemme-trio-jazz","og_locale":"fr_FR","og_type":"article","og_title":"Christophe Wallemme trio - Jazz - THE ART CAF\u00c9 LAGNY","og_description":"Le Th\u00e9 Art Caf\u00e9 vous invite \u00e0 une soir\u00e9e musicale plac\u00e9e sous le signe du jazz, des standards revisit\u00e9s aux rythmes envo\u00fbtants de la musique br\u00e9silienne. Un quartet de talent [&hellip;]","og_url":"https:\/\/theartcafelagny.com\/?tribe_events=christophe-wallemme-trio-jazz","og_site_name":"THE ART CAF\u00c9 LAGNY","article_publisher":"https:\/\/www.facebook.com\/THEARTCAFE.LAGNY\/?locale=fr_FR","article_modified_time":"2025-02-22T09:32:57+00:00","og_image":[{"width":1024,"height":1024,"url":"https:\/\/theartcafelagny.com\/wp-content\/uploads\/2025\/02\/IMG-20250221-WA0041.jpg","type":"image\/jpeg"}],"twitter_card":"summary_large_image","twitter_misc":{"Dur\u00e9e de lecture estim\u00e9e":"1 minute"},"schema":{"@context":"https:\/\/schema.org","@graph":[{"@type":"WebPage","@id":"https:\/\/theartcafelagny.com\/?tribe_events=christophe-wallemme-trio-jazz","url":"https:\/\/theartcafelagny.com\/?tribe_events=christophe-wallemme-trio-jazz","name":"Christophe Wallemme trio - Jazz - THE ART CAF\u00c9 LAGNY","isPartOf":{"@id":"https:\/\/theartcafelagny.com\/#website"},"primaryImageOfPage":{"@id":"https:\/\/theartcafelagny.com\/?tribe_events=christophe-wallemme-trio-jazz#primaryimage"},"image":{"@id":"https:\/\/theartcafelagny.com\/?tribe_events=christophe-wallemme-trio-jazz#primaryimage"},"thumbnailUrl":"https:\/\/theartcafelagny.com\/wp-content\/uploads\/2025\/02\/IMG-20250221-WA0041.jpg","datePublished":"2025-02-20T09:38:12+00:00","dateModified":"2025-02-22T09:32:57+00:00","breadcrumb":{"@id":"https:\/\/theartcafelagny.com\/?tribe_events=christophe-wallemme-trio-jazz#breadcrumb"},"inLanguage":"fr-FR","potentialAction":[{"@type":"ReadAction","target":["https:\/\/theartcafelagny.com\/?tribe_events=christophe-wallemme-trio-jazz"]}]},{"@type":"ImageObject","inLanguage":"fr-FR","@id":"https:\/\/theartcafelagny.com\/?tribe_events=christophe-wallemme-trio-jazz#primaryimage","url":"https:\/\/theartcafelagny.com\/wp-content\/uploads\/2025\/02\/IMG-20250221-WA0041.jpg","contentUrl":"https:\/\/theartcafelagny.com\/wp-content\/uploads\/2025\/02\/IMG-20250221-WA0041.jpg","width":1024,"height":1024},{"@type":"BreadcrumbList","@id":"https:\/\/theartcafelagny.com\/?tribe_events=christophe-wallemme-trio-jazz#breadcrumb","itemListElement":[{"@type":"ListItem","position":1,"name":"Accueil","item":"https:\/\/theartcafelagny.com\/"},{"@type":"ListItem","position":2,"name":"\u00c9v\u00e8nements","item":"https:\/\/theartcafelagny.com\/?post_type=tribe_events"},{"@type":"ListItem","position":3,"name":"Christophe Wallemme trio &#8211; Jazz"}]},{"@type":"WebSite","@id":"https:\/\/theartcafelagny.com\/#website","url":"https:\/\/theartcafelagny.com\/","name":"THE ART CAF\u00c9 LAGNY","description":"","publisher":{"@id":"https:\/\/theartcafelagny.com\/#organization"},"potentialAction":[{"@type":"SearchAction","target":{"@type":"EntryPoint","urlTemplate":"https:\/\/theartcafelagny.com\/?s={search_term_string}"},"query-input":{"@type":"PropertyValueSpecification","valueRequired":true,"valueName":"search_term_string"}}],"inLanguage":"fr-FR"},{"@type":"Organization","@id":"https:\/\/theartcafelagny.com\/#organization","name":"THE ART CAF\u00c9 LAGNY","url":"https:\/\/theartcafelagny.com\/","logo":{"@type":"ImageObject","inLanguage":"fr-FR","@id":"https:\/\/theartcafelagny.com\/#\/schema\/logo\/image\/","url":"https:\/\/theartcafelagny.com\/wp-content\/uploads\/2023\/07\/Logo-The-art-cafe.png","contentUrl":"https:\/\/theartcafelagny.com\/wp-content\/uploads\/2023\/07\/Logo-The-art-cafe.png","width":1536,"height":510,"caption":"THE ART CAF\u00c9 LAGNY"},"image":{"@id":"https:\/\/theartcafelagny.com\/#\/schema\/logo\/image\/"},"sameAs":["https:\/\/www.facebook.com\/THEARTCAFE.LAGNY\/?locale=fr_FR","https:\/\/www.instagram.com\/theartcafelagny\/?hl=fr"]}]}},"_links":{"self":[{"href":"https:\/\/theartcafelagny.com\/index.php?rest_route=\/wp\/v2\/tribe_events\/613","targetHints":{"allow":["GET"]}}],"collection":[{"href":"https:\/\/theartcafelagny.com\/index.php?rest_route=\/wp\/v2\/tribe_events"}],"about":[{"href":"https:\/\/theartcafelagny.com\/index.php?rest_route=\/wp\/v2\/types\/tribe_events"}],"author":[{"embeddable":true,"href":"https:\/\/theartcafelagny.com\/index.php?rest_route=\/wp\/v2\/users\/4"}],"version-history":[{"count":5,"href":"https:\/\/theartcafelagny.com\/index.php?rest_route=\/wp\/v2\/tribe_events\/613\/revisions"}],"predecessor-version":[{"id":620,"href":"https:\/\/theartcafelagny.com\/index.php?rest_route=\/wp\/v2\/tribe_events\/613\/revisions\/620"}],"wp:featuredmedia":[{"embeddable":true,"href":"https:\/\/theartcafelagny.com\/index.php?rest_route=\/wp\/v2\/media\/629"}],"wp:attachment":[{"href":"https:\/\/theartcafelagny.com\/index.php?rest_route=%2Fwp%2Fv2%2Fmedia&parent=613"}],"wp:term":[{"taxonomy":"post_tag","embeddable":true,"href":"https:\/\/theartcafelagny.com\/index.php?rest_route=%2Fwp%2Fv2%2Ftags&post=613"},{"taxonomy":"tribe_events_cat","embeddable":true,"href":"https:\/\/theartcafelagny.com\/index.php?rest_route=%2Fwp%2Fv2%2Ftribe_events_cat&post=613"}],"curies":[{"name":"wp","href":"https:\/\/api.w.org\/{rel}","templated":true}]}}