{"id":777,"date":"2026-04-27T12:26:02","date_gmt":"2026-04-27T10:26:02","guid":{"rendered":"https:\/\/theartcafelagny.com\/?post_type=tribe_events&#038;p=777"},"modified":"2026-04-27T12:26:02","modified_gmt":"2026-04-27T10:26:02","slug":"the-early-birds-acoustic-blues-rock","status":"publish","type":"tribe_events","link":"https:\/\/theartcafelagny.com\/?tribe_events=the-early-birds-acoustic-blues-rock","title":{"rendered":"The Early Birds &#8211; acoustic blues rock"},"content":{"rendered":"<p>Nous sommes The Early Birds, un duo guitare-voix qui revisite en acoustique des titres embl\u00e9matiques du rock, du blues et de la country, initialement pens\u00e9s pour l\u2019\u00e9lectrique.<br \/>\nDe Hendrix \u00e0 Joe Cocker, de Dolly Parton \u00e0 Sheryl Crow, des Allman Brothers \u00e0 Stevie Ray Vaughan, sans oublier Prince, Amy Winehouse, Michael Jackson\u2026<br \/>\nNous proposons des versions authentiques et surprenantes et qui parlent \u00e0 tous les publics.<\/p>\n","protected":false},"excerpt":{"rendered":"<p>Nous sommes The Early Birds, un duo guitare-voix qui revisite en acoustique des titres embl\u00e9matiques du rock, du blues et de la country, initialement pens\u00e9s pour l\u2019\u00e9lectrique. De Hendrix \u00e0 [&hellip;]<\/p>\n","protected":false},"author":4,"featured_media":778,"template":"","meta":{"_tribe_events_status":"","_tribe_events_status_reason":"","footnotes":""},"tags":[],"tribe_events_cat":[],"class_list":["post-777","tribe_events","type-tribe_events","status-publish","has-post-thumbnail","hentry"],"yoast_head":"<!-- This site is optimized with the Yoast SEO plugin v27.1.1 - https:\/\/yoast.com\/product\/yoast-seo-wordpress\/ -->\n<title>The Early Birds - acoustic blues rock - THE ART CAF\u00c9 LAGNY<\/title>\n<meta name=\"robots\" content=\"index, follow, max-snippet:-1, max-image-preview:large, max-video-preview:-1\" \/>\n<link rel=\"canonical\" href=\"https:\/\/theartcafelagny.com\/?tribe_events=the-early-birds-acoustic-blues-rock\" \/>\n<meta property=\"og:locale\" content=\"fr_FR\" \/>\n<meta property=\"og:type\" content=\"article\" \/>\n<meta property=\"og:title\" content=\"The Early Birds - acoustic blues rock - THE ART CAF\u00c9 LAGNY\" \/>\n<meta property=\"og:description\" content=\"Nous sommes The Early Birds, un duo guitare-voix qui revisite en acoustique des titres embl\u00e9matiques du rock, du blues et de la country, initialement pens\u00e9s pour l\u2019\u00e9lectrique. De Hendrix \u00e0 [&hellip;]\" \/>\n<meta property=\"og:url\" content=\"https:\/\/theartcafelagny.com\/?tribe_events=the-early-birds-acoustic-blues-rock\" \/>\n<meta property=\"og:site_name\" content=\"THE ART CAF\u00c9 LAGNY\" \/>\n<meta property=\"article:publisher\" content=\"https:\/\/www.facebook.com\/THEARTCAFE.LAGNY\/?locale=fr_FR\" \/>\n<meta property=\"og:image\" content=\"https:\/\/theartcafelagny.com\/wp-content\/uploads\/2026\/04\/Capture-decran-2026-04-27-a-12.20.49.png\" \/>\n\t<meta property=\"og:image:width\" content=\"762\" \/>\n\t<meta property=\"og:image:height\" content=\"586\" \/>\n\t<meta property=\"og:image:type\" content=\"image\/png\" \/>\n<meta name=\"twitter:card\" content=\"summary_large_image\" \/>\n<meta name=\"twitter:label1\" content=\"Dur\u00e9e de lecture estim\u00e9e\" \/>\n\t<meta name=\"twitter:data1\" content=\"1 minute\" \/>\n<script type=\"application\/ld+json\" class=\"yoast-schema-graph\">{\"@context\":\"https:\/\/schema.org\",\"@graph\":[{\"@type\":\"WebPage\",\"@id\":\"https:\/\/theartcafelagny.com\/?tribe_events=the-early-birds-acoustic-blues-rock\",\"url\":\"https:\/\/theartcafelagny.com\/?tribe_events=the-early-birds-acoustic-blues-rock\",\"name\":\"The Early Birds - acoustic blues rock - THE ART CAF\u00c9 LAGNY\",\"isPartOf\":{\"@id\":\"https:\/\/theartcafelagny.com\/#website\"},\"primaryImageOfPage\":{\"@id\":\"https:\/\/theartcafelagny.com\/?tribe_events=the-early-birds-acoustic-blues-rock#primaryimage\"},\"image\":{\"@id\":\"https:\/\/theartcafelagny.com\/?tribe_events=the-early-birds-acoustic-blues-rock#primaryimage\"},\"thumbnailUrl\":\"https:\/\/theartcafelagny.com\/wp-content\/uploads\/2026\/04\/Capture-decran-2026-04-27-a-12.20.49.png\",\"datePublished\":\"2026-04-27T10:26:02+00:00\",\"breadcrumb\":{\"@id\":\"https:\/\/theartcafelagny.com\/?tribe_events=the-early-birds-acoustic-blues-rock#breadcrumb\"},\"inLanguage\":\"fr-FR\",\"potentialAction\":[{\"@type\":\"ReadAction\",\"target\":[\"https:\/\/theartcafelagny.com\/?tribe_events=the-early-birds-acoustic-blues-rock\"]}]},{\"@type\":\"ImageObject\",\"inLanguage\":\"fr-FR\",\"@id\":\"https:\/\/theartcafelagny.com\/?tribe_events=the-early-birds-acoustic-blues-rock#primaryimage\",\"url\":\"https:\/\/theartcafelagny.com\/wp-content\/uploads\/2026\/04\/Capture-decran-2026-04-27-a-12.20.49.png\",\"contentUrl\":\"https:\/\/theartcafelagny.com\/wp-content\/uploads\/2026\/04\/Capture-decran-2026-04-27-a-12.20.49.png\",\"width\":762,\"height\":586},{\"@type\":\"BreadcrumbList\",\"@id\":\"https:\/\/theartcafelagny.com\/?tribe_events=the-early-birds-acoustic-blues-rock#breadcrumb\",\"itemListElement\":[{\"@type\":\"ListItem\",\"position\":1,\"name\":\"Accueil\",\"item\":\"https:\/\/theartcafelagny.com\/\"},{\"@type\":\"ListItem\",\"position\":2,\"name\":\"\u00c9v\u00e8nements\",\"item\":\"https:\/\/theartcafelagny.com\/?post_type=tribe_events\"},{\"@type\":\"ListItem\",\"position\":3,\"name\":\"The Early Birds &#8211; acoustic blues rock\"}]},{\"@type\":\"WebSite\",\"@id\":\"https:\/\/theartcafelagny.com\/#website\",\"url\":\"https:\/\/theartcafelagny.com\/\",\"name\":\"THE ART CAF\u00c9 LAGNY\",\"description\":\"\",\"publisher\":{\"@id\":\"https:\/\/theartcafelagny.com\/#organization\"},\"potentialAction\":[{\"@type\":\"SearchAction\",\"target\":{\"@type\":\"EntryPoint\",\"urlTemplate\":\"https:\/\/theartcafelagny.com\/?s={search_term_string}\"},\"query-input\":{\"@type\":\"PropertyValueSpecification\",\"valueRequired\":true,\"valueName\":\"search_term_string\"}}],\"inLanguage\":\"fr-FR\"},{\"@type\":\"Organization\",\"@id\":\"https:\/\/theartcafelagny.com\/#organization\",\"name\":\"THE ART CAF\u00c9 LAGNY\",\"url\":\"https:\/\/theartcafelagny.com\/\",\"logo\":{\"@type\":\"ImageObject\",\"inLanguage\":\"fr-FR\",\"@id\":\"https:\/\/theartcafelagny.com\/#\/schema\/logo\/image\/\",\"url\":\"https:\/\/theartcafelagny.com\/wp-content\/uploads\/2023\/07\/Logo-The-art-cafe.png\",\"contentUrl\":\"https:\/\/theartcafelagny.com\/wp-content\/uploads\/2023\/07\/Logo-The-art-cafe.png\",\"width\":1536,\"height\":510,\"caption\":\"THE ART CAF\u00c9 LAGNY\"},\"image\":{\"@id\":\"https:\/\/theartcafelagny.com\/#\/schema\/logo\/image\/\"},\"sameAs\":[\"https:\/\/www.facebook.com\/THEARTCAFE.LAGNY\/?locale=fr_FR\",\"https:\/\/www.instagram.com\/theartcafelagny\/?hl=fr\"]}]}<\/script>\n<!-- \/ Yoast SEO plugin. -->","yoast_head_json":{"title":"The Early Birds - acoustic blues rock - THE ART CAF\u00c9 LAGNY","robots":{"index":"index","follow":"follow","max-snippet":"max-snippet:-1","max-image-preview":"max-image-preview:large","max-video-preview":"max-video-preview:-1"},"canonical":"https:\/\/theartcafelagny.com\/?tribe_events=the-early-birds-acoustic-blues-rock","og_locale":"fr_FR","og_type":"article","og_title":"The Early Birds - acoustic blues rock - THE ART CAF\u00c9 LAGNY","og_description":"Nous sommes The Early Birds, un duo guitare-voix qui revisite en acoustique des titres embl\u00e9matiques du rock, du blues et de la country, initialement pens\u00e9s pour l\u2019\u00e9lectrique. De Hendrix \u00e0 [&hellip;]","og_url":"https:\/\/theartcafelagny.com\/?tribe_events=the-early-birds-acoustic-blues-rock","og_site_name":"THE ART CAF\u00c9 LAGNY","article_publisher":"https:\/\/www.facebook.com\/THEARTCAFE.LAGNY\/?locale=fr_FR","og_image":[{"width":762,"height":586,"url":"https:\/\/theartcafelagny.com\/wp-content\/uploads\/2026\/04\/Capture-decran-2026-04-27-a-12.20.49.png","type":"image\/png"}],"twitter_card":"summary_large_image","twitter_misc":{"Dur\u00e9e de lecture estim\u00e9e":"1 minute"},"schema":{"@context":"https:\/\/schema.org","@graph":[{"@type":"WebPage","@id":"https:\/\/theartcafelagny.com\/?tribe_events=the-early-birds-acoustic-blues-rock","url":"https:\/\/theartcafelagny.com\/?tribe_events=the-early-birds-acoustic-blues-rock","name":"The Early Birds - acoustic blues rock - THE ART CAF\u00c9 LAGNY","isPartOf":{"@id":"https:\/\/theartcafelagny.com\/#website"},"primaryImageOfPage":{"@id":"https:\/\/theartcafelagny.com\/?tribe_events=the-early-birds-acoustic-blues-rock#primaryimage"},"image":{"@id":"https:\/\/theartcafelagny.com\/?tribe_events=the-early-birds-acoustic-blues-rock#primaryimage"},"thumbnailUrl":"https:\/\/theartcafelagny.com\/wp-content\/uploads\/2026\/04\/Capture-decran-2026-04-27-a-12.20.49.png","datePublished":"2026-04-27T10:26:02+00:00","breadcrumb":{"@id":"https:\/\/theartcafelagny.com\/?tribe_events=the-early-birds-acoustic-blues-rock#breadcrumb"},"inLanguage":"fr-FR","potentialAction":[{"@type":"ReadAction","target":["https:\/\/theartcafelagny.com\/?tribe_events=the-early-birds-acoustic-blues-rock"]}]},{"@type":"ImageObject","inLanguage":"fr-FR","@id":"https:\/\/theartcafelagny.com\/?tribe_events=the-early-birds-acoustic-blues-rock#primaryimage","url":"https:\/\/theartcafelagny.com\/wp-content\/uploads\/2026\/04\/Capture-decran-2026-04-27-a-12.20.49.png","contentUrl":"https:\/\/theartcafelagny.com\/wp-content\/uploads\/2026\/04\/Capture-decran-2026-04-27-a-12.20.49.png","width":762,"height":586},{"@type":"BreadcrumbList","@id":"https:\/\/theartcafelagny.com\/?tribe_events=the-early-birds-acoustic-blues-rock#breadcrumb","itemListElement":[{"@type":"ListItem","position":1,"name":"Accueil","item":"https:\/\/theartcafelagny.com\/"},{"@type":"ListItem","position":2,"name":"\u00c9v\u00e8nements","item":"https:\/\/theartcafelagny.com\/?post_type=tribe_events"},{"@type":"ListItem","position":3,"name":"The Early Birds &#8211; acoustic blues rock"}]},{"@type":"WebSite","@id":"https:\/\/theartcafelagny.com\/#website","url":"https:\/\/theartcafelagny.com\/","name":"THE ART CAF\u00c9 LAGNY","description":"","publisher":{"@id":"https:\/\/theartcafelagny.com\/#organization"},"potentialAction":[{"@type":"SearchAction","target":{"@type":"EntryPoint","urlTemplate":"https:\/\/theartcafelagny.com\/?s={search_term_string}"},"query-input":{"@type":"PropertyValueSpecification","valueRequired":true,"valueName":"search_term_string"}}],"inLanguage":"fr-FR"},{"@type":"Organization","@id":"https:\/\/theartcafelagny.com\/#organization","name":"THE ART CAF\u00c9 LAGNY","url":"https:\/\/theartcafelagny.com\/","logo":{"@type":"ImageObject","inLanguage":"fr-FR","@id":"https:\/\/theartcafelagny.com\/#\/schema\/logo\/image\/","url":"https:\/\/theartcafelagny.com\/wp-content\/uploads\/2023\/07\/Logo-The-art-cafe.png","contentUrl":"https:\/\/theartcafelagny.com\/wp-content\/uploads\/2023\/07\/Logo-The-art-cafe.png","width":1536,"height":510,"caption":"THE ART CAF\u00c9 LAGNY"},"image":{"@id":"https:\/\/theartcafelagny.com\/#\/schema\/logo\/image\/"},"sameAs":["https:\/\/www.facebook.com\/THEARTCAFE.LAGNY\/?locale=fr_FR","https:\/\/www.instagram.com\/theartcafelagny\/?hl=fr"]}]}},"_links":{"self":[{"href":"https:\/\/theartcafelagny.com\/index.php?rest_route=\/wp\/v2\/tribe_events\/777","targetHints":{"allow":["GET"]}}],"collection":[{"href":"https:\/\/theartcafelagny.com\/index.php?rest_route=\/wp\/v2\/tribe_events"}],"about":[{"href":"https:\/\/theartcafelagny.com\/index.php?rest_route=\/wp\/v2\/types\/tribe_events"}],"author":[{"embeddable":true,"href":"https:\/\/theartcafelagny.com\/index.php?rest_route=\/wp\/v2\/users\/4"}],"version-history":[{"count":1,"href":"https:\/\/theartcafelagny.com\/index.php?rest_route=\/wp\/v2\/tribe_events\/777\/revisions"}],"predecessor-version":[{"id":779,"href":"https:\/\/theartcafelagny.com\/index.php?rest_route=\/wp\/v2\/tribe_events\/777\/revisions\/779"}],"wp:featuredmedia":[{"embeddable":true,"href":"https:\/\/theartcafelagny.com\/index.php?rest_route=\/wp\/v2\/media\/778"}],"wp:attachment":[{"href":"https:\/\/theartcafelagny.com\/index.php?rest_route=%2Fwp%2Fv2%2Fmedia&parent=777"}],"wp:term":[{"taxonomy":"post_tag","embeddable":true,"href":"https:\/\/theartcafelagny.com\/index.php?rest_route=%2Fwp%2Fv2%2Ftags&post=777"},{"taxonomy":"tribe_events_cat","embeddable":true,"href":"https:\/\/theartcafelagny.com\/index.php?rest_route=%2Fwp%2Fv2%2Ftribe_events_cat&post=777"}],"curies":[{"name":"wp","href":"https:\/\/api.w.org\/{rel}","templated":true}]}}